{"id":531,"date":"2023-04-07T17:36:08","date_gmt":"2023-04-07T15:36:08","guid":{"rendered":"https:\/\/faa.net\/rtandalucia\/?page_id=531"},"modified":"2023-04-07T23:05:22","modified_gmt":"2023-04-07T21:05:22","slug":"rta","status":"publish","type":"page","link":"https:\/\/faa.net\/rtandalucia\/","title":{"rendered":"#RTA"},"content":{"rendered":"<p>[et_pb_section fb_built=\u00bb1&#8243; fullwidth=\u00bbon\u00bb _builder_version=\u00bb4.20.4&#8243; _module_preset=\u00bbdefault\u00bb global_colors_info=\u00bb{}\u00bb][et_pb_fullwidth_slider _builder_version=\u00bb4.20.4&#8243; _module_preset=\u00bbdefault\u00bb background_enable_video_webm=\u00bboff\u00bb background_video_width=\u00bb1000&#8243; hover_enabled=\u00bb0&#8243; global_colors_info=\u00bb{}\u00bb sticky_enabled=\u00bb0&#8243;][et_pb_slide heading=\u00bbDavid P\u00e9rez | Alejandro L. Leseduarte\u00bb button_text=\u00bbCon\u00f3celos\u00bb _builder_version=\u00bb4.20.4&#8243; _module_preset=\u00bbdefault\u00bb body_font_size=\u00bb20px\u00bb background_enable_color=\u00bboff\u00bb background_enable_image=\u00bboff\u00bb background_enable_video_mp4=\u00bboff\u00bb background_video_webm=\u00bbhttps:\/\/faa.net\/rtandalucia\/wp-content\/uploads\/2023\/04\/2.mp4&#8243; background_enable_video_webm=\u00bbon\u00bb hover_enabled=\u00bb0&#8243; global_colors_info=\u00bb{}\u00bb sticky_transition=\u00bbon\u00bb use_bg_overlay=\u00bboff\u00bb use_text_overlay=\u00bbon\u00bb sticky_enabled=\u00bb0&#8243;]<\/p>\n<p>Campeonato de Espa\u00f1a S-CER<\/p>\n<p>[\/et_pb_slide][et_pb_slide heading=\u00bbSalvador Espa\u00f1a  | Miriam Antelo\u00bb button_text=\u00bbCon\u00f3celos\u00bb button_link=\u00bbhttps:\/\/faa.net\/rtandalucia\/project\/salvador-espana-miriam-antelo\/\u00bb use_bg_overlay=\u00bbon\u00bb use_text_overlay=\u00bbon\u00bb _builder_version=\u00bb4.20.4&#8243; _module_preset=\u00bbdefault\u00bb body_font_size=\u00bb20px\u00bb background_enable_color=\u00bboff\u00bb background_image=\u00bbhttps:\/\/faa.net\/rtandalucia\/wp-content\/uploads\/2023\/04\/Rally-da-Auga-_-salva-1.jpg\u00bb background_enable_image=\u00bbon\u00bb background_position=\u00bbbottom_left\u00bb background_enable_video_mp4=\u00bboff\u00bb background_enable_video_webm=\u00bboff\u00bb global_colors_info=\u00bb{}\u00bb sticky_transition=\u00bbon\u00bb]<\/p>\n<p>Campeonato de Espa\u00f1a S-CER<\/p>\n<p>[\/et_pb_slide][et_pb_slide heading=\u00bbFrancisco M. Puerta | Jos\u00e9 M. S\u00e1nchez\u00bb button_text=\u00bbCon\u00f3celos\u00bb button_link=\u00bbhttps:\/\/faa.net\/rtandalucia\/project\/francisco-m-puertas-jose-m-sanchez\/\u00bb use_bg_overlay=\u00bbon\u00bb use_text_overlay=\u00bbon\u00bb _builder_version=\u00bb4.20.4&#8243; _module_preset=\u00bbdefault\u00bb body_font_size=\u00bb20px\u00bb background_enable_color=\u00bboff\u00bb background_image=\u00bbhttps:\/\/faa.net\/rtandalucia\/wp-content\/uploads\/2023\/04\/Terra-da-auga-19-scaled.jpg\u00bb background_enable_image=\u00bbon\u00bb background_enable_video_mp4=\u00bboff\u00bb background_enable_video_webm=\u00bboff\u00bb global_colors_info=\u00bb{}\u00bb sticky_transition=\u00bbon\u00bb]<\/p>\n<p>Copa Kobe Rallyes de Tierra<\/p>\n<p>[\/et_pb_slide][\/et_pb_fullwidth_slider][\/et_pb_section][et_pb_section fb_built=\u00bb1&#8243; admin_label=\u00bbPromo Banner\u00bb _builder_version=\u00bb4.20.4&#8243; background_color=\u00bbrgba(124,218,36,0.63)\u00bb custom_padding=\u00bb0px|0px|0px|0px\u00bb global_colors_info=\u00bb{}\u00bb][et_pb_row column_structure=\u00bb3_5,2_5&#8243; _builder_version=\u00bb4.16&#8243; custom_padding=\u00bb||14px|||\u00bb global_colors_info=\u00bb{}\u00bb][et_pb_column type=\u00bb3_5&#8243; _builder_version=\u00bb4.16&#8243; custom_padding=\u00bb|||\u00bb global_colors_info=\u00bb{}\u00bb custom_padding__hover=\u00bb|||\u00bb][et_pb_text _builder_version=\u00bb4.20.4&#8243; text_font=\u00bb||||||||\u00bb text_font_size=\u00bb16px\u00bb link_font=\u00bb|600|||on||||\u00bb link_text_color=\u00bbrgba(12,12,12,0.59)\u00bb header_font=\u00bb||||||||\u00bb header_2_font=\u00bbAlice||||||||\u00bb header_2_line_height=\u00bb1.5em\u00bb text_orientation=\u00bbcenter\u00bb background_layout=\u00bbdark\u00bb global_colors_info=\u00bb{}\u00bb]<\/p>\n<h2><span style=\"color: #000000;\"><b>El equipo de la<\/b><\/span><\/h2>\n<h2><span style=\"color: #000000;\"><b> Federaci\u00f3n Andaluza de Automovilismo<\/b><\/span><\/h2>\n<p>[\/et_pb_text][\/et_pb_column][et_pb_column type=\u00bb2_5&#8243; _builder_version=\u00bb4.16&#8243; custom_padding=\u00bb|||\u00bb global_colors_info=\u00bb{}\u00bb custom_padding__hover=\u00bb|||\u00bb][et_pb_image src=\u00bbhttps:\/\/faa.net\/rtandalucia\/wp-content\/uploads\/2023\/04\/Logo-FAA-01.png\u00bb alt=\u00bbLogo Federaci\u00f3n Andaluz de Automovilismo\u00bb title_text=\u00bbLogo Federaci\u00f3n Andaluz de Automovilismo\u00bb _builder_version=\u00bb4.20.4&#8243; _module_preset=\u00bbdefault\u00bb width=\u00bb66%\u00bb global_colors_info=\u00bb{}\u00bb][\/et_pb_image][\/et_pb_column][\/et_pb_row][\/et_pb_section][et_pb_section fb_built=\u00bb1&#8243; admin_label=\u00bbOur Specialties Section\u00bb _builder_version=\u00bb4.16&#8243; custom_padding=\u00bb0px||37px|||\u00bb global_colors_info=\u00bb{}\u00bb][et_pb_row admin_label=\u00bbTitle Area\u00bb _builder_version=\u00bb4.16&#8243; global_colors_info=\u00bb{}\u00bb][et_pb_column type=\u00bb4_4&#8243; _builder_version=\u00bb4.16&#8243; custom_padding=\u00bb|||\u00bb global_colors_info=\u00bb{}\u00bb custom_padding__hover=\u00bb|||\u00bb][et_pb_text admin_label=\u00bbTitle\u00bb _builder_version=\u00bb4.16&#8243; text_font=\u00bb||||||||\u00bb header_font=\u00bb||||||||\u00bb header_2_font=\u00bbAlice||||||||\u00bb header_2_text_align=\u00bbcenter\u00bb header_2_font_size=\u00bb42px\u00bb header_2_line_height=\u00bb1.3em\u00bb custom_margin=\u00bb||20px|\u00bb animation_style=\u00bbslide\u00bb animation_direction=\u00bbtop\u00bb animation_intensity_slide=\u00bb30%\u00bb animation_starting_opacity=\u00bb100%\u00bb global_colors_info=\u00bb{}\u00bb]<\/p>\n<h2>Miembros<\/h2>\n<p>[\/et_pb_text][et_pb_divider color=\u00bb#2a2a2a\u00bb divider_weight=\u00bb3px\u00bb _builder_version=\u00bb4.16&#8243; max_width=\u00bb50px\u00bb module_alignment=\u00bbcenter\u00bb custom_margin=\u00bb||10px|\u00bb animation_style=\u00bbslide\u00bb animation_direction=\u00bbtop\u00bb animation_intensity_slide=\u00bb30%\u00bb animation_starting_opacity=\u00bb100%\u00bb global_colors_info=\u00bb{}\u00bb][\/et_pb_divider][et_pb_text admin_label=\u00bbSubtitle\u00bb _builder_version=\u00bb4.16&#8243; text_font=\u00bb||||||||\u00bb text_font_size=\u00bb16px\u00bb text_line_height=\u00bb1.8em\u00bb text_orientation=\u00bbcenter\u00bb max_width=\u00bb700px\u00bb module_alignment=\u00bbcenter\u00bb animation_style=\u00bbslide\u00bb animation_direction=\u00bbtop\u00bb animation_intensity_slide=\u00bb20%\u00bb animation_starting_opacity=\u00bb100%\u00bb global_colors_info=\u00bb{}\u00bb]<\/p>\n<p>La temporada 2023 la componen tres equipos por lo que este a\u00f1o el #RTANDALUC\u00cdA tendr\u00e1 presencia en S-CER (Super Campeonato de Espa\u00f1a de Rallyes) y CERT (Copa e Espa\u00f1a de Rallyes de Tierra) en dos de sus copas.<\/p>\n<p>[\/et_pb_text][\/et_pb_column][\/et_pb_row][et_pb_row column_structure=\u00bb1_3,1_3,1_3&#8243; admin_label=\u00bbOur Specialties\u00bb _builder_version=\u00bb4.20.4&#8243; custom_margin=\u00bb40px|||\u00bb global_colors_info=\u00bb{}\u00bb][et_pb_column type=\u00bb1_3&#8243; _builder_version=\u00bb4.20.4&#8243; custom_padding=\u00bb|||\u00bb global_colors_info=\u00bb{}\u00bb custom_padding__hover=\u00bb|||\u00bb][et_pb_image src=\u00bbhttps:\/\/faa.net\/rtandalucia\/wp-content\/uploads\/2023\/04\/Pedroalejandro-1.jpg\u00bb title_text=\u00bbPedro&#038;alejandro\u00bb force_fullwidth=\u00bbon\u00bb align_tablet=\u00bbcenter\u00bb align_phone=\u00bbcenter\u00bb align_last_edited=\u00bbon|desktop\u00bb _builder_version=\u00bb4.20.4&#8243; animation_style=\u00bbzoom\u00bb animation_direction=\u00bbtop\u00bb animation_intensity_zoom=\u00bb10%\u00bb animation_starting_opacity=\u00bb100%\u00bb global_colors_info=\u00bb{}\u00bb][\/et_pb_image][et_pb_text _builder_version=\u00bb4.20.4&#8243; text_font=\u00bb||||||||\u00bb text_font_size=\u00bb16px\u00bb text_line_height=\u00bb1.8em\u00bb header_font=\u00bb||||||||\u00bb header_3_font=\u00bb|600|||||||\u00bb header_3_line_height=\u00bb1.5em\u00bb custom_margin=\u00bb40px||10px|\u00bb custom_padding=\u00bb|||\u00bb animation_style=\u00bbflip\u00bb animation_starting_opacity=\u00bb100%\u00bb global_colors_info=\u00bb{}\u00bb]<\/p>\n<h3>David P\u00e9rez<\/h3>\n<h3>Alejandro L. Leseduarte<\/h3>\n<p>Super Campeonato de Espa\u00f1a<\/p>\n<p>[\/et_pb_text][et_pb_button button_url=\u00bbhttps:\/\/faa.net\/rtandalucia\/project\/david-perez-y-alejandro-l-leseduarte\/\u00bb button_text=\u00bb+ INFO\u00bb _builder_version=\u00bb4.20.4&#8243; _module_preset=\u00bbdefault\u00bb custom_button=\u00bbon\u00bb button_text_color=\u00bb#FFFFFF\u00bb button_bg_color=\u00bb#4bad33&#8243; background_layout=\u00bbdark\u00bb global_colors_info=\u00bb{}\u00bb][\/et_pb_button][\/et_pb_column][et_pb_column type=\u00bb1_3&#8243; _builder_version=\u00bb4.20.4&#8243; custom_padding=\u00bb|||\u00bb global_colors_info=\u00bb{}\u00bb custom_padding__hover=\u00bb|||\u00bb][et_pb_image src=\u00bbhttps:\/\/faa.net\/rtandalucia\/wp-content\/uploads\/2023\/04\/Salva-y-Miriam.jpg\u00bb title_text=\u00bbSalva y Miriam Rally Team Andalucia\u00bb force_fullwidth=\u00bbon\u00bb align_tablet=\u00bbcenter\u00bb align_phone=\u00bbcenter\u00bb align_last_edited=\u00bbon|desktop\u00bb _builder_version=\u00bb4.20.4&#8243; animation_style=\u00bbzoom\u00bb animation_direction=\u00bbtop\u00bb animation_intensity_zoom=\u00bb10%\u00bb animation_starting_opacity=\u00bb100%\u00bb global_colors_info=\u00bb{}\u00bb][\/et_pb_image][et_pb_text _builder_version=\u00bb4.20.4&#8243; text_font=\u00bb||||||||\u00bb text_font_size=\u00bb16px\u00bb text_line_height=\u00bb1.8em\u00bb header_font=\u00bb||||||||\u00bb header_3_font=\u00bb|600|||||||\u00bb header_3_line_height=\u00bb1.5em\u00bb custom_margin=\u00bb40px||10px|\u00bb custom_padding=\u00bb|||\u00bb animation_style=\u00bbflip\u00bb animation_starting_opacity=\u00bb100%\u00bb global_colors_info=\u00bb{}\u00bb]<\/p>\n<h3>Salvador Espa\u00f1a<\/h3>\n<h3>Miriam Antelo<\/h3>\n<p>Copa Clio Trophy de Rallyes de Tierra<\/p>\n<p>[\/et_pb_text][et_pb_button button_url=\u00bbhttps:\/\/faa.net\/rtandalucia\/project\/salvador-espana-miriam-antelo\/\u00bb button_text=\u00bb+ INFO\u00bb _builder_version=\u00bb4.20.4&#8243; _module_preset=\u00bbdefault\u00bb custom_button=\u00bbon\u00bb button_text_color=\u00bb#FFFFFF\u00bb button_bg_color=\u00bb#4bad33&#8243; background_layout=\u00bbdark\u00bb global_colors_info=\u00bb{}\u00bb][\/et_pb_button][\/et_pb_column][et_pb_column type=\u00bb1_3&#8243; _builder_version=\u00bb4.20.4&#8243; custom_padding=\u00bb|||\u00bb global_colors_info=\u00bb{}\u00bb custom_padding__hover=\u00bb|||\u00bb][et_pb_image src=\u00bbhttps:\/\/faa.net\/rtandalucia\/wp-content\/uploads\/2023\/04\/los-dos.jpg\u00bb title_text=\u00bbPuertas y Josema Rally Team Andaluc\u00eda\u00bb force_fullwidth=\u00bbon\u00bb align_tablet=\u00bbcenter\u00bb align_phone=\u00bbcenter\u00bb align_last_edited=\u00bbon|desktop\u00bb _builder_version=\u00bb4.20.4&#8243; animation_style=\u00bbzoom\u00bb animation_direction=\u00bbtop\u00bb animation_intensity_zoom=\u00bb10%\u00bb animation_starting_opacity=\u00bb100%\u00bb global_colors_info=\u00bb{}\u00bb][\/et_pb_image][et_pb_text _builder_version=\u00bb4.20.4&#8243; text_font=\u00bb||||||||\u00bb text_font_size=\u00bb16px\u00bb text_line_height=\u00bb1.8em\u00bb header_font=\u00bb||||||||\u00bb header_3_font=\u00bb|600|||||||\u00bb header_3_line_height=\u00bb1.5em\u00bb custom_margin=\u00bb40px||10px|\u00bb custom_padding=\u00bb|||\u00bb animation_style=\u00bbflip\u00bb animation_starting_opacity=\u00bb100%\u00bb global_colors_info=\u00bb{}\u00bb]<\/p>\n<h3>Francisco M. Puertas<\/h3>\n<h3>Jos\u00e9 M. S\u00e1nchez<\/h3>\n<p>Copa Kobe de Rallyes de Tierra<\/p>\n<p>[\/et_pb_text][et_pb_button button_url=\u00bbhttps:\/\/faa.net\/rtandalucia\/project\/francisco-m-puertas-jose-m-sanchez\/\u00bb button_text=\u00bb+ INFO\u00bb _builder_version=\u00bb4.20.4&#8243; _module_preset=\u00bbdefault\u00bb custom_button=\u00bbon\u00bb button_text_color=\u00bb#FFFFFF\u00bb button_bg_color=\u00bb#4bad33&#8243; background_layout=\u00bbdark\u00bb global_colors_info=\u00bb{}\u00bb][\/et_pb_button][\/et_pb_column][\/et_pb_row][\/et_pb_section][et_pb_section fb_built=\u00bb1&#8243; disabled_on=\u00bbon|on|off\u00bb admin_label=\u00bbSpecial Offer Section\u00bb _builder_version=\u00bb4.20.4&#8243; background_color=\u00bb#e7efef\u00bb use_background_color_gradient=\u00bbon\u00bb background_color_gradient_direction=\u00bb90deg\u00bb background_color_gradient_stops=\u00bbrgba(235,235,235,0) 0%|#ebebeb 70%\u00bb background_color_gradient_overlays_image=\u00bbon\u00bb background_color_gradient_start=\u00bbrgba(235,235,235,0)\u00bb background_color_gradient_end=\u00bb#ebebeb\u00bb background_color_gradient_end_position=\u00bb70%\u00bb background_image=\u00bbhttps:\/\/faa.net\/rtandalucia\/wp-content\/uploads\/2023\/04\/RPRESENTACION-RTA.jpg\u00bb custom_padding=\u00bb12%|0px|10%|0px\u00bb global_colors_info=\u00bb{}\u00bb][et_pb_row column_structure=\u00bb2_3,1_3&#8243; admin_label=\u00bbRow\u00bb _builder_version=\u00bb4.20.4&#8243; custom_margin=\u00bb|197px||auto||\u00bb custom_padding=\u00bb|||13px||\u00bb global_colors_info=\u00bb{}\u00bb][et_pb_column type=\u00bb2_3&#8243; _builder_version=\u00bb4.16&#8243; custom_padding=\u00bb|||\u00bb global_colors_info=\u00bb{}\u00bb custom_padding__hover=\u00bb|||\u00bb][\/et_pb_column][et_pb_column type=\u00bb1_3&#8243; _builder_version=\u00bb4.16&#8243; custom_padding=\u00bb|||\u00bb global_colors_info=\u00bb{}\u00bb custom_padding__hover=\u00bb|||\u00bb][et_pb_text _builder_version=\u00bb4.20.4&#8243; text_font=\u00bb|700|||||||\u00bb text_font_size=\u00bb16px\u00bb text_line_height=\u00bb1.8em\u00bb header_font=\u00bb||||||||\u00bb custom_margin=\u00bb||0px|\u00bb custom_padding=\u00bb|||\u00bb animation_style=\u00bbfold\u00bb animation_direction=\u00bbbottom\u00bb animation_starting_opacity=\u00bb100%\u00bb global_colors_info=\u00bb{}\u00bb]<\/p>\n<p><span style=\"color: #000000;\">IMPACTOS MEDI\u00c1TICOS<\/span><\/p>\n<p>[\/et_pb_text][et_pb_text _builder_version=\u00bb4.16&#8243; text_font=\u00bb|700|||||||\u00bb text_text_color=\u00bb#2a2a2a\u00bb text_font_size=\u00bb80px\u00bb text_line_height=\u00bb1.3em\u00bb custom_margin=\u00bb||0px|-96px||\u00bb custom_padding=\u00bb|||\u00bb animation_style=\u00bbfold\u00bb animation_direction=\u00bbbottom\u00bb animation_starting_opacity=\u00bb100%\u00bb global_colors_info=\u00bb{}\u00bb]<\/p>\n<p>1.000.000<\/p>\n<p>[\/et_pb_text][et_pb_text _builder_version=\u00bb4.16&#8243; text_font=\u00bb||||||||\u00bb text_font_size=\u00bb16px\u00bb text_line_height=\u00bb1.8em\u00bb custom_margin=\u00bb|||\u00bb custom_padding=\u00bb|||\u00bb animation_style=\u00bbslide\u00bb animation_direction=\u00bbleft\u00bb animation_intensity_slide=\u00bb5%\u00bb animation_starting_opacity=\u00bb100%\u00bb global_colors_info=\u00bb{}\u00bb]<\/p>\n<p>La suma de las visualizaciones de las dos \u00faltimas temporadas nos hacen creer que estamos creciendo a buen ritmo.<\/p>\n<p>[\/et_pb_text][et_pb_button button_url=\u00bbhttps:\/\/faa.net\/rtandalucia\/galeria\/\u00bb button_text=\u00bbGaler\u00eda\u00bb _builder_version=\u00bb4.20.4&#8243; custom_button=\u00bbon\u00bb button_text_size=\u00bb15px\u00bb button_text_color=\u00bb#000000&#8243; button_bg_color=\u00bb#52ad1a\u00bb button_border_width=\u00bb0px\u00bb button_border_radius=\u00bb100px\u00bb button_letter_spacing=\u00bb2px\u00bb button_font=\u00bb|700||on|||||\u00bb button_use_icon=\u00bboff\u00bb custom_padding=\u00bb16px|30px|16px|30px\u00bb animation_style=\u00bbslide\u00bb animation_direction=\u00bbleft\u00bb animation_intensity_slide=\u00bb10%\u00bb animation_starting_opacity=\u00bb100%\u00bb button_letter_spacing_hover=\u00bb2px\u00bb button_bg_color_hover=\u00bb#e0c588&#8243; locked=\u00bboff\u00bb global_colors_info=\u00bb{}\u00bb button_text_size__hover_enabled=\u00bboff\u00bb button_one_text_size__hover_enabled=\u00bboff\u00bb button_two_text_size__hover_enabled=\u00bboff\u00bb button_text_color__hover_enabled=\u00bboff\u00bb button_one_text_color__hover_enabled=\u00bboff\u00bb button_two_text_color__hover_enabled=\u00bboff\u00bb button_border_width__hover_enabled=\u00bboff\u00bb button_one_border_width__hover_enabled=\u00bboff\u00bb button_two_border_width__hover_enabled=\u00bboff\u00bb button_border_color__hover_enabled=\u00bboff\u00bb button_one_border_color__hover_enabled=\u00bboff\u00bb button_two_border_color__hover_enabled=\u00bboff\u00bb button_border_radius__hover_enabled=\u00bboff\u00bb button_one_border_radius__hover_enabled=\u00bboff\u00bb button_two_border_radius__hover_enabled=\u00bboff\u00bb button_letter_spacing__hover_enabled=\u00bbon\u00bb button_letter_spacing__hover=\u00bb2px\u00bb button_one_letter_spacing__hover_enabled=\u00bboff\u00bb button_two_letter_spacing__hover_enabled=\u00bboff\u00bb button_bg_color__hover_enabled=\u00bbon|hover\u00bb button_bg_color__hover=\u00bb#FFFFFF\u00bb button_one_bg_color__hover_enabled=\u00bboff\u00bb button_two_bg_color__hover_enabled=\u00bboff\u00bb button_bg_enable_color__hover=\u00bbon\u00bb][\/et_pb_button][\/et_pb_column][\/et_pb_row][\/et_pb_section][et_pb_section fb_built=\u00bb1&#8243; disabled_on=\u00bboff|off|on\u00bb admin_label=\u00bbSpecial Offer Section\u00bb _builder_version=\u00bb4.20.4&#8243; background_color=\u00bb#e7efef\u00bb use_background_color_gradient=\u00bbon\u00bb background_color_gradient_direction=\u00bb90deg\u00bb background_color_gradient_stops=\u00bbrgba(0,0,0,0.76) 0%|#ebebeb 70%\u00bb background_color_gradient_overlays_image=\u00bbon\u00bb background_color_gradient_start=\u00bbrgba(235,235,235,0)\u00bb background_color_gradient_end=\u00bb#ebebeb\u00bb background_color_gradient_end_position=\u00bb70%\u00bb background_image=\u00bbhttps:\/\/faa.net\/rtandalucia\/wp-content\/uploads\/2023\/04\/RPRESENTACION-RTA.jpg\u00bb custom_padding=\u00bb12%|0px|10%|0px\u00bb global_colors_info=\u00bb{}\u00bb][et_pb_row admin_label=\u00bbRow\u00bb _builder_version=\u00bb4.20.4&#8243; custom_margin=\u00bb32px|auto|32px|auto|true|false\u00bb custom_padding=\u00bb|||13px||\u00bb global_colors_info=\u00bb{}\u00bb][et_pb_column type=\u00bb4_4&#8243; _builder_version=\u00bb4.20.4&#8243; custom_padding=\u00bb|||\u00bb global_colors_info=\u00bb{}\u00bb custom_padding__hover=\u00bb|||\u00bb][et_pb_text _builder_version=\u00bb4.20.4&#8243; text_font=\u00bb|700|||||||\u00bb text_font_size=\u00bb16px\u00bb text_line_height=\u00bb1.8em\u00bb header_font=\u00bb||||||||\u00bb text_orientation=\u00bbcenter\u00bb custom_margin=\u00bb||0px|\u00bb custom_padding=\u00bb|||\u00bb animation_style=\u00bbfold\u00bb animation_direction=\u00bbbottom\u00bb animation_starting_opacity=\u00bb100%\u00bb text_text_shadow_style=\u00bbpreset5&#8243; text_text_shadow_blur_strength=\u00bb0.27em\u00bb text_text_shadow_color=\u00bb#000000&#8243; global_colors_info=\u00bb{}\u00bb]<\/p>\n<p style=\"text-align: center;\"><span style=\"color: #ffffff;\"><strong>IMPACTOS en REDES SOCIALES<\/strong><\/span><\/p>\n<p>[\/et_pb_text][et_pb_number_counter number=\u00bb1.000.000&#8243; percent_sign=\u00bboff\u00bb _builder_version=\u00bb4.20.4&#8243; _module_preset=\u00bbdefault\u00bb number_text_color=\u00bb#FFFFFF\u00bb number_font_size=\u00bb51px\u00bb custom_margin=\u00bb|||-16px||\u00bb number_text_shadow_style=\u00bbpreset5&#8243; text_shadow_style=\u00bbpreset2&#8243; text_shadow_color=\u00bb#FFFFFF\u00bb global_colors_info=\u00bb{}\u00bb][\/et_pb_number_counter][et_pb_text _builder_version=\u00bb4.20.4&#8243; text_font=\u00bb|700|||||||\u00bb text_font_size=\u00bb16px\u00bb text_line_height=\u00bb1.8em\u00bb header_font=\u00bb||||||||\u00bb text_orientation=\u00bbcenter\u00bb custom_margin=\u00bb||0px|-9px||\u00bb custom_padding=\u00bb||34px|||\u00bb animation_style=\u00bbfold\u00bb animation_direction=\u00bbbottom\u00bb animation_starting_opacity=\u00bb100%\u00bb text_text_shadow_style=\u00bbpreset5&#8243; text_text_shadow_blur_strength=\u00bb0.27em\u00bb text_text_shadow_color=\u00bb#000000&#8243; global_colors_info=\u00bb{}\u00bb]<\/p>\n<p style=\"text-align: center;\"><span style=\"color: #ffffff;\">\u00a0Esta es la suma de las dos \u00faltimas temporadas, buscamos cada d\u00eda estar m\u00e1s presentes en Redes y Medios.<\/span><\/p>\n<p>[\/et_pb_text][et_pb_button button_text=\u00bbGaler\u00eda\u00bb button_alignment=\u00bbcenter\u00bb _builder_version=\u00bb4.20.4&#8243; custom_button=\u00bbon\u00bb button_text_size=\u00bb15px\u00bb button_text_color=\u00bb#000000&#8243; button_bg_color=\u00bb#4bad33&#8243; button_border_width=\u00bb0px\u00bb button_border_radius=\u00bb100px\u00bb button_letter_spacing=\u00bb2px\u00bb button_font=\u00bb|700||on|||||\u00bb button_use_icon=\u00bboff\u00bb custom_padding=\u00bb8px|30px|16px|30px||\u00bb animation_style=\u00bbslide\u00bb animation_direction=\u00bbleft\u00bb animation_intensity_slide=\u00bb10%\u00bb animation_starting_opacity=\u00bb100%\u00bb button_letter_spacing_hover=\u00bb2px\u00bb button_bg_color_hover=\u00bb#e0c588&#8243; locked=\u00bboff\u00bb global_colors_info=\u00bb{}\u00bb button_text_size__hover_enabled=\u00bboff\u00bb button_one_text_size__hover_enabled=\u00bboff\u00bb button_two_text_size__hover_enabled=\u00bboff\u00bb button_text_color__hover_enabled=\u00bboff\u00bb button_one_text_color__hover_enabled=\u00bboff\u00bb button_two_text_color__hover_enabled=\u00bboff\u00bb button_border_width__hover_enabled=\u00bboff\u00bb button_one_border_width__hover_enabled=\u00bboff\u00bb button_two_border_width__hover_enabled=\u00bboff\u00bb button_border_color__hover_enabled=\u00bboff\u00bb button_one_border_color__hover_enabled=\u00bboff\u00bb button_two_border_color__hover_enabled=\u00bboff\u00bb button_border_radius__hover_enabled=\u00bboff\u00bb button_one_border_radius__hover_enabled=\u00bboff\u00bb button_two_border_radius__hover_enabled=\u00bboff\u00bb button_letter_spacing__hover_enabled=\u00bbon\u00bb button_letter_spacing__hover=\u00bb2px\u00bb button_one_letter_spacing__hover_enabled=\u00bboff\u00bb button_two_letter_spacing__hover_enabled=\u00bboff\u00bb button_bg_color__hover_enabled=\u00bbon|hover\u00bb button_bg_color__hover=\u00bb#FFFFFF\u00bb button_one_bg_color__hover_enabled=\u00bboff\u00bb button_two_bg_color__hover_enabled=\u00bboff\u00bb button_bg_enable_color__hover=\u00bbon\u00bb][\/et_pb_button][\/et_pb_column][\/et_pb_row][\/et_pb_section][et_pb_section fb_built=\u00bb1&#8243; admin_label=\u00bbFeature Section\u00bb _builder_version=\u00bb4.16&#8243; background_color=\u00bb#f7f7f7&#8243; background_image=\u00bbhttps:\/\/faa.net\/rtandalucia\/wp-content\/uploads\/2023\/04\/7_img.png\u00bb background_size=\u00bbcontain\u00bb background_position=\u00bbbottom_center\u00bb custom_padding=\u00bb3px|0px|0px|0px||\u00bb global_colors_info=\u00bb{}\u00bb][et_pb_row admin_label=\u00bbTitle Area\u00bb _builder_version=\u00bb4.16&#8243; custom_padding=\u00bb|||\u00bb locked=\u00bboff\u00bb global_colors_info=\u00bb{}\u00bb][et_pb_column type=\u00bb4_4&#8243; _builder_version=\u00bb4.16&#8243; custom_padding=\u00bb|||\u00bb global_colors_info=\u00bb{}\u00bb custom_padding__hover=\u00bb|||\u00bb][et_pb_text admin_label=\u00bbTitle\u00bb _builder_version=\u00bb4.16&#8243; text_font=\u00bb||||||||\u00bb header_font=\u00bb||||||||\u00bb header_2_font=\u00bbAlice||||||||\u00bb header_2_text_align=\u00bbcenter\u00bb header_2_font_size=\u00bb42px\u00bb header_2_line_height=\u00bb1.3em\u00bb custom_margin=\u00bb||20px|\u00bb animation_style=\u00bbslide\u00bb animation_direction=\u00bbtop\u00bb animation_intensity_slide=\u00bb30%\u00bb animation_starting_opacity=\u00bb100%\u00bb global_colors_info=\u00bb{}\u00bb]<\/p>\n<h2>RECORRIENDO ESPA\u00d1A<\/h2>\n<p>[\/et_pb_text][et_pb_divider color=\u00bb#2a2a2a\u00bb divider_weight=\u00bb3px\u00bb _builder_version=\u00bb4.16&#8243; max_width=\u00bb50px\u00bb module_alignment=\u00bbcenter\u00bb custom_margin=\u00bb||10px|\u00bb animation_style=\u00bbslide\u00bb animation_direction=\u00bbtop\u00bb animation_intensity_slide=\u00bb30%\u00bb animation_starting_opacity=\u00bb100%\u00bb global_colors_info=\u00bb{}\u00bb][\/et_pb_divider][et_pb_text admin_label=\u00bbSubtitle\u00bb _builder_version=\u00bb4.20.4&#8243; text_font=\u00bb||||||||\u00bb text_font_size=\u00bb16px\u00bb text_line_height=\u00bb1.8em\u00bb text_orientation=\u00bbcenter\u00bb max_width=\u00bb700px\u00bb module_alignment=\u00bbcenter\u00bb animation_style=\u00bbslide\u00bb animation_direction=\u00bbtop\u00bb animation_intensity_slide=\u00bb20%\u00bb animation_starting_opacity=\u00bb100%\u00bb global_colors_info=\u00bb{}\u00bb]<\/p>\n<p>La temporada 2023 ser\u00e1 larga para el #RTAndaluc\u00eda, son doce las pruebas confirmadas por los tres equipos.<\/p>\n<p>[\/et_pb_text][\/et_pb_column][\/et_pb_row][et_pb_row column_structure=\u00bb1_3,1_3,1_3&#8243; use_custom_gutter=\u00bbon\u00bb gutter_width=\u00bb4&#8243; _builder_version=\u00bb4.20.4&#8243; width=\u00bb100%\u00bb max_width=\u00bb100%\u00bb custom_margin=\u00bb-7px|auto||auto||\u00bb custom_padding=\u00bb|0px|0px|0px\u00bb use_custom_width=\u00bbon\u00bb width_unit=\u00bboff\u00bb custom_width_percent=\u00bb100%\u00bb global_colors_info=\u00bb{}\u00bb][et_pb_column type=\u00bb1_3&#8243; _builder_version=\u00bb4.16&#8243; custom_padding=\u00bb20%|||\u00bb global_colors_info=\u00bb{}\u00bb custom_padding__hover=\u00bb|||\u00bb][et_pb_cta title=\u00bbS-CER\u00bb button_url=\u00bbhttps:\/\/scer.rfeda.es\/\u00bb button_text=\u00bbWeb del campeonato\u00bb _builder_version=\u00bb4.20.4&#8243; header_font=\u00bbAlice||||||||\u00bb header_font_size=\u00bb32px\u00bb header_line_height=\u00bb1.5em\u00bb body_font=\u00bb||||||||\u00bb body_font_size=\u00bb16px\u00bb body_line_height=\u00bb1.8em\u00bb use_background_color=\u00bboff\u00bb custom_button=\u00bbon\u00bb button_text_size=\u00bb15px\u00bb button_text_color=\u00bbrgba(0,0,0,0.7)\u00bb button_bg_color=\u00bb#4bad33&#8243; button_border_width=\u00bb12px\u00bb button_border_color=\u00bb#4bad33&#8243; button_border_radius=\u00bb100px\u00bb button_letter_spacing=\u00bb2px\u00bb button_font=\u00bb|700||on|||||\u00bb button_use_icon=\u00bboff\u00bb text_orientation=\u00bbleft\u00bb background_layout=\u00bblight\u00bb custom_margin=\u00bb||80px|80px\u00bb button_border_color_hover=\u00bb#e0c588&#8243; button_letter_spacing_hover=\u00bb2px\u00bb button_bg_color_hover=\u00bb#e0c588&#8243; global_colors_info=\u00bb{}\u00bb button_text_size__hover_enabled=\u00bboff\u00bb button_one_text_size__hover_enabled=\u00bboff\u00bb button_two_text_size__hover_enabled=\u00bboff\u00bb button_text_color__hover_enabled=\u00bboff\u00bb button_one_text_color__hover_enabled=\u00bboff\u00bb button_two_text_color__hover_enabled=\u00bboff\u00bb button_border_width__hover_enabled=\u00bboff\u00bb button_one_border_width__hover_enabled=\u00bboff\u00bb button_two_border_width__hover_enabled=\u00bboff\u00bb button_border_color__hover_enabled=\u00bbon\u00bb button_border_color__hover=\u00bb#FFFFFF\u00bb button_one_border_color__hover_enabled=\u00bboff\u00bb button_two_border_color__hover_enabled=\u00bboff\u00bb button_border_radius__hover_enabled=\u00bboff\u00bb button_one_border_radius__hover_enabled=\u00bboff\u00bb button_two_border_radius__hover_enabled=\u00bboff\u00bb button_letter_spacing__hover_enabled=\u00bbon\u00bb button_letter_spacing__hover=\u00bb2px\u00bb button_one_letter_spacing__hover_enabled=\u00bboff\u00bb button_two_letter_spacing__hover_enabled=\u00bboff\u00bb button_bg_color__hover_enabled=\u00bbon|desktop\u00bb button_bg_color__hover=\u00bb#FFFFFF\u00bb button_one_bg_color__hover_enabled=\u00bboff\u00bb button_two_bg_color__hover_enabled=\u00bboff\u00bb button_bg_enable_color__hover=\u00bbon\u00bb]<\/p>\n<p>Es el campeonato m\u00e1s importante de nuestro pa\u00eds, a\u00fana pruebas de asfalto y de tierra, nace a finales de 2018 y se puede confirmar como el escaparate del mundo del motor tanto dentro como fuera de nuestras fronteras.<\/p>\n<p>[\/et_pb_cta][et_pb_image src=\u00bbhttps:\/\/faa.net\/rtandalucia\/wp-content\/uploads\/2023\/04\/scer.jpg\u00bb alt=\u00bbcalendario s-cer\u00bb title_text=\u00bbcalendario s-cer\u00bb align_tablet=\u00bbcenter\u00bb align_phone=\u00bbcenter\u00bb align_last_edited=\u00bbon|desktop\u00bb _builder_version=\u00bb4.20.4&#8243; max_width=\u00bb90%\u00bb animation_style=\u00bbzoom\u00bb animation_direction=\u00bbleft\u00bb animation_intensity_zoom=\u00bb10%\u00bb locked=\u00bboff\u00bb global_colors_info=\u00bb{}\u00bb][\/et_pb_image][\/et_pb_column][et_pb_column type=\u00bb1_3&#8243; _builder_version=\u00bb4.16&#8243; custom_padding=\u00bb|||\u00bb global_colors_info=\u00bb{}\u00bb custom_padding__hover=\u00bb|||\u00bb][et_pb_image src=\u00bbhttps:\/\/faa.net\/rtandalucia\/wp-content\/uploads\/2023\/04\/clio-trophy-tierra-2023.jpg\u00bb alt=\u00bbclio trophy tierra 2023&#8243; title_text=\u00bbclio trophy tierra 2023&#8243; force_fullwidth=\u00bbon\u00bb align_tablet=\u00bbcenter\u00bb align_phone=\u00bbcenter\u00bb align_last_edited=\u00bbon|desktop\u00bb _builder_version=\u00bb4.20.4&#8243; animation_style=\u00bbzoom\u00bb animation_direction=\u00bbbottom\u00bb animation_intensity_zoom=\u00bb10%\u00bb locked=\u00bboff\u00bb global_colors_info=\u00bb{}\u00bb][\/et_pb_image][et_pb_cta title=\u00bbCERT- Clio Trophy Tierra\u00bb button_url=\u00bbhttps:\/\/cert.rfeda.es\/\u00bb button_text=\u00bbWeb del campeonato\u00bb _builder_version=\u00bb4.20.4&#8243; header_font=\u00bbAlice||||||||\u00bb header_font_size=\u00bb32px\u00bb header_line_height=\u00bb1.5em\u00bb body_font=\u00bb||||||||\u00bb body_font_size=\u00bb16px\u00bb body_line_height=\u00bb1.8em\u00bb use_background_color=\u00bboff\u00bb custom_button=\u00bbon\u00bb button_text_size=\u00bb15px\u00bb button_text_color=\u00bbrgba(0,0,0,0.7)\u00bb button_bg_color=\u00bb#4bad33&#8243; button_border_width=\u00bb12px\u00bb button_border_color=\u00bb#4bad33&#8243; button_border_radius=\u00bb100px\u00bb button_letter_spacing=\u00bb2px\u00bb button_font=\u00bb|700||on|||||\u00bb button_use_icon=\u00bboff\u00bb text_orientation=\u00bbleft\u00bb background_layout=\u00bblight\u00bb custom_margin=\u00bb||80px|-3px||\u00bb button_border_color_hover=\u00bb#e0c588&#8243; button_letter_spacing_hover=\u00bb2px\u00bb button_bg_color_hover=\u00bb#e0c588&#8243; global_colors_info=\u00bb{}\u00bb button_text_size__hover_enabled=\u00bboff\u00bb button_one_text_size__hover_enabled=\u00bboff\u00bb button_two_text_size__hover_enabled=\u00bboff\u00bb button_text_color__hover_enabled=\u00bboff\u00bb button_one_text_color__hover_enabled=\u00bboff\u00bb button_two_text_color__hover_enabled=\u00bboff\u00bb button_border_width__hover_enabled=\u00bboff\u00bb button_one_border_width__hover_enabled=\u00bboff\u00bb button_two_border_width__hover_enabled=\u00bboff\u00bb button_border_color__hover_enabled=\u00bbon\u00bb button_border_color__hover=\u00bb#FFFFFF\u00bb button_one_border_color__hover_enabled=\u00bboff\u00bb button_two_border_color__hover_enabled=\u00bboff\u00bb button_border_radius__hover_enabled=\u00bboff\u00bb button_one_border_radius__hover_enabled=\u00bboff\u00bb button_two_border_radius__hover_enabled=\u00bboff\u00bb button_letter_spacing__hover_enabled=\u00bbon\u00bb button_letter_spacing__hover=\u00bb2px\u00bb button_one_letter_spacing__hover_enabled=\u00bboff\u00bb button_two_letter_spacing__hover_enabled=\u00bboff\u00bb button_bg_color__hover_enabled=\u00bbon|desktop\u00bb button_bg_color__hover=\u00bb#FFFFFF\u00bb button_one_bg_color__hover_enabled=\u00bboff\u00bb button_two_bg_color__hover_enabled=\u00bboff\u00bb button_bg_enable_color__hover=\u00bbon\u00bb]<\/p>\n<p>La copa monomarca que se esperaba en Tierra, el paso previo a las altas velocidades.<br \/>Es una copa con un n\u00famero elevado de participantes, el coche un Clio Rally 5 con una preparaci\u00f3n original de f\u00e1brica que hace que en cada certamen sean muchos los aficionados que esperan verlos pasar.<\/p>\n<p>[\/et_pb_cta][\/et_pb_column][et_pb_column type=\u00bb1_3&#8243; _builder_version=\u00bb4.16&#8243; custom_padding=\u00bb10%|||\u00bb global_colors_info=\u00bb{}\u00bb custom_padding__hover=\u00bb|||\u00bb][et_pb_cta title=\u00bbCERT- Copa Kobe Tierra\u00bb button_url=\u00bbhttps:\/\/kobemotor.es\/motorsport\/rallyes\/\u00bb button_text=\u00bbWeb del campeonato\u00bb _builder_version=\u00bb4.20.4&#8243; header_font=\u00bbAlice||||||||\u00bb header_font_size=\u00bb32px\u00bb header_line_height=\u00bb1.5em\u00bb body_font=\u00bb||||||||\u00bb body_font_size=\u00bb16px\u00bb body_line_height=\u00bb1.8em\u00bb use_background_color=\u00bboff\u00bb custom_button=\u00bbon\u00bb button_text_size=\u00bb15px\u00bb button_text_color=\u00bbrgba(0,0,0,0.7)\u00bb button_bg_color=\u00bb#4bad33&#8243; button_border_width=\u00bb12px\u00bb button_border_color=\u00bb#4bad33&#8243; button_border_radius=\u00bb100px\u00bb button_letter_spacing=\u00bb2px\u00bb button_font=\u00bb|700||on|||||\u00bb button_use_icon=\u00bboff\u00bb text_orientation=\u00bbleft\u00bb background_layout=\u00bblight\u00bb custom_margin=\u00bb||80px|-3px||\u00bb button_border_color_hover=\u00bb#e0c588&#8243; button_letter_spacing_hover=\u00bb2px\u00bb button_bg_color_hover=\u00bb#e0c588&#8243; global_colors_info=\u00bb{}\u00bb button_text_size__hover_enabled=\u00bboff\u00bb button_one_text_size__hover_enabled=\u00bboff\u00bb button_two_text_size__hover_enabled=\u00bboff\u00bb button_text_color__hover_enabled=\u00bboff\u00bb button_one_text_color__hover_enabled=\u00bboff\u00bb button_two_text_color__hover_enabled=\u00bboff\u00bb button_border_width__hover_enabled=\u00bboff\u00bb button_one_border_width__hover_enabled=\u00bboff\u00bb button_two_border_width__hover_enabled=\u00bboff\u00bb button_border_color__hover_enabled=\u00bbon\u00bb button_border_color__hover=\u00bb#FFFFFF\u00bb button_one_border_color__hover_enabled=\u00bboff\u00bb button_two_border_color__hover_enabled=\u00bboff\u00bb button_border_radius__hover_enabled=\u00bboff\u00bb button_one_border_radius__hover_enabled=\u00bboff\u00bb button_two_border_radius__hover_enabled=\u00bboff\u00bb button_letter_spacing__hover_enabled=\u00bbon\u00bb button_letter_spacing__hover=\u00bb2px\u00bb button_one_letter_spacing__hover_enabled=\u00bboff\u00bb button_two_letter_spacing__hover_enabled=\u00bboff\u00bb button_bg_color__hover_enabled=\u00bbon|desktop\u00bb button_bg_color__hover=\u00bb#FFFFFF\u00bb button_one_bg_color__hover_enabled=\u00bboff\u00bb button_two_bg_color__hover_enabled=\u00bboff\u00bb button_bg_enable_color__hover=\u00bbon\u00bb]<\/p>\n<p>Denominada copa promoci\u00f3n es una\u00a0 copa monomarca con un alto prestigio ya que de ella salieron campeones absolutos en distintas categor\u00edas.<br \/>Es una de las copas con mayor n\u00famero de participantes ya que la obligaci\u00f3n de correr con un Toyota Aygo iguala las posibilidades de victoria entre todos los participantes.<\/p>\n<p>[\/et_pb_cta][et_pb_image src=\u00bbhttps:\/\/faa.net\/rtandalucia\/wp-content\/uploads\/2023\/04\/calendario-Kobe.jpg\u00bb title_text=\u00bbcalendario Kobe\u00bb force_fullwidth=\u00bbon\u00bb align_tablet=\u00bbcenter\u00bb align_phone=\u00bbcenter\u00bb align_last_edited=\u00bbon|desktop\u00bb _builder_version=\u00bb4.20.4&#8243; custom_margin=\u00bb|||\u00bb animation_style=\u00bbzoom\u00bb animation_direction=\u00bbright\u00bb animation_intensity_zoom=\u00bb10%\u00bb locked=\u00bboff\u00bb global_colors_info=\u00bb{}\u00bb][\/et_pb_image][\/et_pb_column][\/et_pb_row][\/et_pb_section][et_pb_section fb_built=\u00bb1&#8243; admin_label=\u00bbCustom Bouquets Section\u00bb _builder_version=\u00bb4.20.4&#8243; background_color=\u00bb#4bad33&#8243; custom_padding=\u00bb4px||0px|||\u00bb global_colors_info=\u00bb{}\u00bb][et_pb_row _builder_version=\u00bb4.20.4&#8243; _module_preset=\u00bbdefault\u00bb global_colors_info=\u00bb{}\u00bb][et_pb_column type=\u00bb4_4&#8243; _builder_version=\u00bb4.20.4&#8243; _module_preset=\u00bbdefault\u00bb global_colors_info=\u00bb{}\u00bb][et_pb_testimonial author=\u00bbHenry Ford\u00bb portrait_url=\u00bbhttps:\/\/faa.net\/rtandalucia\/wp-content\/uploads\/2023\/04\/1280px-FordLotusCortinaMk1.jpg\u00bb quote_icon=\u00bboff\u00bb quote_icon_color=\u00bb#FFFFFF\u00bb quote_icon_background_color=\u00bb#FFFFFF\u00bb portrait_width=\u00bb128px\u00bb portrait_height=\u00bb102px\u00bb _builder_version=\u00bb4.20.4&#8243; body_font=\u00bb||||||||\u00bb body_text_color=\u00bb#FFFFFF\u00bb body_font_size=\u00bb31px\u00bb author_font=\u00bb|300|||||||\u00bb author_text_color=\u00bb#FFFFFF\u00bb author_font_size=\u00bb29px\u00bb use_background_color=\u00bboff\u00bb text_orientation=\u00bbcenter\u00bb max_width=\u00bb700px\u00bb module_alignment=\u00bbcenter\u00bb custom_margin=\u00bb|106px||||\u00bb custom_padding=\u00bb|0px||||\u00bb animation_style=\u00bbfade\u00bb global_colors_info=\u00bb{}\u00bb]<\/p>\n<p>\u00abReunirse es un comienzo, permanecer juntos es el progreso\u00a0y trabajar juntos es el \u00e9xito\u00bb<\/p>\n<p>[\/et_pb_testimonial][\/et_pb_column][\/et_pb_row][\/et_pb_section][et_pb_section fb_built=\u00bb1&#8243; admin_label=\u00bbTestimonial Section\u00bb _builder_version=\u00bb4.16&#8243; background_color=\u00bb#f7f7f7&#8243; custom_padding=\u00bb44px||110px|||\u00bb global_colors_info=\u00bb{}\u00bb][et_pb_row _builder_version=\u00bb4.20.4&#8243; _module_preset=\u00bbdefault\u00bb global_colors_info=\u00bb{}\u00bb][et_pb_column type=\u00bb4_4&#8243; _builder_version=\u00bb4.20.4&#8243; _module_preset=\u00bbdefault\u00bb global_colors_info=\u00bb{}\u00bb][et_pb_text _builder_version=\u00bb4.20.4&#8243; _module_preset=\u00bbdefault\u00bb text_text_color=\u00bb#000000&#8243; header_3_font_size=\u00bb33px\u00bb global_colors_info=\u00bb{}\u00bb]<\/p>\n<h3>Noticias del #RTAndaluc\u00eda<\/h3>\n<p>[\/et_pb_text][et_pb_portfolio fullwidth=\u00bboff\u00bb include_categories=\u00bb42&#8243; show_categories=\u00bboff\u00bb _builder_version=\u00bb4.20.4&#8243; _module_preset=\u00bbdefault\u00bb global_colors_info=\u00bb{}\u00bb][\/et_pb_portfolio][\/et_pb_column][\/et_pb_row][\/et_pb_section][et_pb_section fb_built=\u00bb1&#8243; admin_label=\u00bbTestimonial Section\u00bb _builder_version=\u00bb4.16&#8243; background_color=\u00bb#f7f7f7&#8243; custom_padding=\u00bb4px||110px|||\u00bb global_colors_info=\u00bb{}\u00bb][et_pb_row _builder_version=\u00bb4.20.4&#8243; _module_preset=\u00bbdefault\u00bb global_colors_info=\u00bb{}\u00bb][et_pb_column type=\u00bb4_4&#8243; _builder_version=\u00bb4.20.4&#8243; _module_preset=\u00bbdefault\u00bb global_colors_info=\u00bb{}\u00bb][et_pb_text _builder_version=\u00bb4.20.4&#8243; _module_preset=\u00bbdefault\u00bb text_text_color=\u00bb#000000&#8243; header_3_font_size=\u00bb33px\u00bb global_colors_info=\u00bb{}\u00bb]<\/p>\n<h3>PATROCINADORES DEL #RTAndaluc\u00eda<\/h3>\n<p>[\/et_pb_text][\/et_pb_column][\/et_pb_row][et_pb_row column_structure=\u00bb1_5,1_5,1_5,1_5,1_5&#8243; _builder_version=\u00bb4.20.4&#8243; _module_preset=\u00bbdefault\u00bb custom_padding=\u00bb22px|||||\u00bb global_colors_info=\u00bb{}\u00bb][et_pb_column type=\u00bb1_5&#8243; _builder_version=\u00bb4.20.4&#8243; _module_preset=\u00bbdefault\u00bb global_colors_info=\u00bb{}\u00bb][et_pb_image src=\u00bbhttps:\/\/faa.net\/rtandalucia\/wp-content\/uploads\/2023\/04\/patrocinadores-01.png\u00bb title_text=\u00bbpatrocinadores-01&#8243; align=\u00bbcenter\u00bb _builder_version=\u00bb4.20.4&#8243; _module_preset=\u00bbdefault\u00bb width=\u00bb70%\u00bb global_colors_info=\u00bb{}\u00bb][\/et_pb_image][\/et_pb_column][et_pb_column type=\u00bb1_5&#8243; _builder_version=\u00bb4.20.4&#8243; _module_preset=\u00bbdefault\u00bb global_colors_info=\u00bb{}\u00bb][et_pb_image src=\u00bbhttps:\/\/faa.net\/rtandalucia\/wp-content\/uploads\/2023\/04\/patrocinadores-02.png\u00bb title_text=\u00bbpatrocinadores-02&#8243; align=\u00bbcenter\u00bb _builder_version=\u00bb4.20.4&#8243; _module_preset=\u00bbdefault\u00bb width=\u00bb73%\u00bb global_colors_info=\u00bb{}\u00bb][\/et_pb_image][\/et_pb_column][et_pb_column type=\u00bb1_5&#8243; _builder_version=\u00bb4.20.4&#8243; _module_preset=\u00bbdefault\u00bb global_colors_info=\u00bb{}\u00bb][et_pb_image src=\u00bbhttps:\/\/faa.net\/rtandalucia\/wp-content\/uploads\/2023\/04\/patrocinadores-04.png\u00bb title_text=\u00bbpatrocinadores-04&#8243; align=\u00bbcenter\u00bb _builder_version=\u00bb4.20.4&#8243; _module_preset=\u00bbdefault\u00bb width=\u00bb75%\u00bb global_colors_info=\u00bb{}\u00bb][\/et_pb_image][\/et_pb_column][et_pb_column type=\u00bb1_5&#8243; _builder_version=\u00bb4.20.4&#8243; _module_preset=\u00bbdefault\u00bb global_colors_info=\u00bb{}\u00bb][et_pb_image src=\u00bbhttps:\/\/faa.net\/rtandalucia\/wp-content\/uploads\/2023\/04\/patrocinadores-03.png\u00bb title_text=\u00bbpatrocinadores-03&#8243; align=\u00bbcenter\u00bb _builder_version=\u00bb4.20.4&#8243; _module_preset=\u00bbdefault\u00bb width=\u00bb100%\u00bb global_colors_info=\u00bb{}\u00bb][\/et_pb_image][\/et_pb_column][et_pb_column type=\u00bb1_5&#8243; _builder_version=\u00bb4.20.4&#8243; _module_preset=\u00bbdefault\u00bb global_colors_info=\u00bb{}\u00bb][et_pb_image src=\u00bbhttps:\/\/faa.net\/rtandalucia\/wp-content\/uploads\/2023\/04\/patrocinadores-05.png\u00bb title_text=\u00bbpatrocinadores-05&#8243; align=\u00bbcenter\u00bb _builder_version=\u00bb4.20.4&#8243; _module_preset=\u00bbdefault\u00bb width=\u00bb100%\u00bb module_alignment=\u00bbcenter\u00bb global_colors_info=\u00bb{}\u00bb][\/et_pb_image][\/et_pb_column][\/et_pb_row][\/et_pb_section]<\/p>\n","protected":false},"excerpt":{"rendered":"<p>Campeonato de Espa\u00f1a S-CERCampeonato de Espa\u00f1a S-CERCopa Kobe Rallyes de TierraEl equipo de la Federaci\u00f3n Andaluza de AutomovilismoMiembrosLa temporada 2023 la componen tres equipos por lo que este a\u00f1o el #RTANDALUC\u00cdA tendr\u00e1 presencia en S-CER (Super Campeonato de Espa\u00f1a de Rallyes) y CERT (Copa e Espa\u00f1a de Rallyes de Tierra) en dos de sus copas.David [&hellip;]<\/p>\n","protected":false},"author":1,"featured_media":0,"parent":0,"menu_order":0,"comment_status":"closed","ping_status":"closed","template":"","meta":{"_et_pb_use_builder":"on","_et_pb_old_content":"","_et_gb_content_width":"","footnotes":""},"class_list":["post-531","page","type-page","status-publish","hentry"],"yoast_head":"<!-- This site is optimized with the Yoast SEO plugin v27.5 - https:\/\/yoast.com\/product\/yoast-seo-wordpress\/ -->\n<title>#RTA - Rallye Team Andalucia<\/title>\n<meta name=\"robots\" content=\"index, follow, max-snippet:-1, max-image-preview:large, max-video-preview:-1\" \/>\n<link rel=\"canonical\" href=\"https:\/\/faa.net\/rtandalucia\/\" \/>\n<meta property=\"og:locale\" content=\"es_ES\" \/>\n<meta property=\"og:type\" content=\"article\" \/>\n<meta property=\"og:title\" content=\"#RTA - Rallye Team Andalucia\" \/>\n<meta property=\"og:description\" content=\"Campeonato de Espa\u00f1a S-CERCampeonato de Espa\u00f1a S-CERCopa Kobe Rallyes de TierraEl equipo de la Federaci\u00f3n Andaluza de AutomovilismoMiembrosLa temporada 2023 la componen tres equipos por lo que este a\u00f1o el #RTANDALUC\u00cdA tendr\u00e1 presencia en S-CER (Super Campeonato de Espa\u00f1a de Rallyes) y CERT (Copa e Espa\u00f1a de Rallyes de Tierra) en dos de sus copas.David [&hellip;]\" \/>\n<meta property=\"og:url\" content=\"https:\/\/faa.net\/rtandalucia\/\" \/>\n<meta property=\"og:site_name\" content=\"Rallye Team Andalucia\" \/>\n<meta property=\"article:modified_time\" content=\"2023-04-07T21:05:22+00:00\" \/>\n<meta name=\"twitter:card\" content=\"summary_large_image\" \/>\n<script type=\"application\/ld+json\" class=\"yoast-schema-graph\">{\"@context\":\"https:\\\/\\\/schema.org\",\"@graph\":[{\"@type\":\"WebPage\",\"@id\":\"https:\\\/\\\/faa.net\\\/rtandalucia\\\/\",\"url\":\"https:\\\/\\\/faa.net\\\/rtandalucia\\\/\",\"name\":\"#RTA - Rallye Team Andalucia\",\"isPartOf\":{\"@id\":\"https:\\\/\\\/faa.net\\\/rtandalucia\\\/#website\"},\"datePublished\":\"2023-04-07T15:36:08+00:00\",\"dateModified\":\"2023-04-07T21:05:22+00:00\",\"breadcrumb\":{\"@id\":\"https:\\\/\\\/faa.net\\\/rtandalucia\\\/#breadcrumb\"},\"inLanguage\":\"es\",\"potentialAction\":[{\"@type\":\"ReadAction\",\"target\":[\"https:\\\/\\\/faa.net\\\/rtandalucia\\\/\"]}]},{\"@type\":\"BreadcrumbList\",\"@id\":\"https:\\\/\\\/faa.net\\\/rtandalucia\\\/#breadcrumb\",\"itemListElement\":[{\"@type\":\"ListItem\",\"position\":1,\"name\":\"Portada\",\"item\":\"https:\\\/\\\/faa.net\\\/rtandalucia\\\/\"},{\"@type\":\"ListItem\",\"position\":2,\"name\":\"#RTA\"}]},{\"@type\":\"WebSite\",\"@id\":\"https:\\\/\\\/faa.net\\\/rtandalucia\\\/#website\",\"url\":\"https:\\\/\\\/faa.net\\\/rtandalucia\\\/\",\"name\":\"Rallye Team Andalucia\",\"description\":\"- Un proyecto de la Federaci\u00f3n Andaluza de Automovilismo\",\"potentialAction\":[{\"@type\":\"SearchAction\",\"target\":{\"@type\":\"EntryPoint\",\"urlTemplate\":\"https:\\\/\\\/faa.net\\\/rtandalucia\\\/?s={search_term_string}\"},\"query-input\":{\"@type\":\"PropertyValueSpecification\",\"valueRequired\":true,\"valueName\":\"search_term_string\"}}],\"inLanguage\":\"es\"}]}<\/script>\n<!-- \/ Yoast SEO plugin. -->","yoast_head_json":{"title":"#RTA - Rallye Team Andalucia","robots":{"index":"index","follow":"follow","max-snippet":"max-snippet:-1","max-image-preview":"max-image-preview:large","max-video-preview":"max-video-preview:-1"},"canonical":"https:\/\/faa.net\/rtandalucia\/","og_locale":"es_ES","og_type":"article","og_title":"#RTA - Rallye Team Andalucia","og_description":"Campeonato de Espa\u00f1a S-CERCampeonato de Espa\u00f1a S-CERCopa Kobe Rallyes de TierraEl equipo de la Federaci\u00f3n Andaluza de AutomovilismoMiembrosLa temporada 2023 la componen tres equipos por lo que este a\u00f1o el #RTANDALUC\u00cdA tendr\u00e1 presencia en S-CER (Super Campeonato de Espa\u00f1a de Rallyes) y CERT (Copa e Espa\u00f1a de Rallyes de Tierra) en dos de sus copas.David [&hellip;]","og_url":"https:\/\/faa.net\/rtandalucia\/","og_site_name":"Rallye Team Andalucia","article_modified_time":"2023-04-07T21:05:22+00:00","twitter_card":"summary_large_image","schema":{"@context":"https:\/\/schema.org","@graph":[{"@type":"WebPage","@id":"https:\/\/faa.net\/rtandalucia\/","url":"https:\/\/faa.net\/rtandalucia\/","name":"#RTA - Rallye Team Andalucia","isPartOf":{"@id":"https:\/\/faa.net\/rtandalucia\/#website"},"datePublished":"2023-04-07T15:36:08+00:00","dateModified":"2023-04-07T21:05:22+00:00","breadcrumb":{"@id":"https:\/\/faa.net\/rtandalucia\/#breadcrumb"},"inLanguage":"es","potentialAction":[{"@type":"ReadAction","target":["https:\/\/faa.net\/rtandalucia\/"]}]},{"@type":"BreadcrumbList","@id":"https:\/\/faa.net\/rtandalucia\/#breadcrumb","itemListElement":[{"@type":"ListItem","position":1,"name":"Portada","item":"https:\/\/faa.net\/rtandalucia\/"},{"@type":"ListItem","position":2,"name":"#RTA"}]},{"@type":"WebSite","@id":"https:\/\/faa.net\/rtandalucia\/#website","url":"https:\/\/faa.net\/rtandalucia\/","name":"Rallye Team Andalucia","description":"- Un proyecto de la Federaci\u00f3n Andaluza de Automovilismo","potentialAction":[{"@type":"SearchAction","target":{"@type":"EntryPoint","urlTemplate":"https:\/\/faa.net\/rtandalucia\/?s={search_term_string}"},"query-input":{"@type":"PropertyValueSpecification","valueRequired":true,"valueName":"search_term_string"}}],"inLanguage":"es"}]}},"_links":{"self":[{"href":"https:\/\/faa.net\/rtandalucia\/wp-json\/wp\/v2\/pages\/531","targetHints":{"allow":["GET"]}}],"collection":[{"href":"https:\/\/faa.net\/rtandalucia\/wp-json\/wp\/v2\/pages"}],"about":[{"href":"https:\/\/faa.net\/rtandalucia\/wp-json\/wp\/v2\/types\/page"}],"author":[{"embeddable":true,"href":"https:\/\/faa.net\/rtandalucia\/wp-json\/wp\/v2\/users\/1"}],"replies":[{"embeddable":true,"href":"https:\/\/faa.net\/rtandalucia\/wp-json\/wp\/v2\/comments?post=531"}],"version-history":[{"count":14,"href":"https:\/\/faa.net\/rtandalucia\/wp-json\/wp\/v2\/pages\/531\/revisions"}],"predecessor-version":[{"id":688,"href":"https:\/\/faa.net\/rtandalucia\/wp-json\/wp\/v2\/pages\/531\/revisions\/688"}],"wp:attachment":[{"href":"https:\/\/faa.net\/rtandalucia\/wp-json\/wp\/v2\/media?parent=531"}],"curies":[{"name":"wp","href":"https:\/\/api.w.org\/{rel}","templated":true}]}}