{"id":609,"date":"2023-04-07T20:39:40","date_gmt":"2023-04-07T18:39:40","guid":{"rendered":"https:\/\/faa.net\/rtandalucia\/?post_type=project&#038;p=609"},"modified":"2023-04-07T23:27:33","modified_gmt":"2023-04-07T21:27:33","slug":"david-perez-y-alejandro-l-leseduarte","status":"publish","type":"project","link":"https:\/\/faa.net\/rtandalucia\/project\/david-perez-y-alejandro-l-leseduarte\/","title":{"rendered":"David P\u00e9rez y Alejandro L. Leseduarte"},"content":{"rendered":"<p>[et_pb_section fb_built=\u00bb1&#8243; fullwidth=\u00bbon\u00bb _builder_version=\u00bb4.20.4&#8243; _module_preset=\u00bbdefault\u00bb global_colors_info=\u00bb{}\u00bb][et_pb_fullwidth_slider _builder_version=\u00bb4.20.4&#8243; _module_preset=\u00bbdefault\u00bb background_enable_video_webm=\u00bboff\u00bb background_video_width=\u00bb1000&#8243; global_colors_info=\u00bb{}\u00bb][et_pb_slide heading=\u00bbDavid P\u00e9rez | Alejandro L. Leseduarte\u00bb _builder_version=\u00bb4.20.4&#8243; _module_preset=\u00bbdefault\u00bb body_font_size=\u00bb20px\u00bb background_enable_color=\u00bboff\u00bb background_enable_image=\u00bboff\u00bb background_enable_video_mp4=\u00bboff\u00bb background_video_webm=\u00bbhttps:\/\/faa.net\/rtandalucia\/wp-content\/uploads\/2023\/04\/2.mp4&#8243; background_enable_video_webm=\u00bbon\u00bb global_colors_info=\u00bb{}\u00bb sticky_transition=\u00bbon\u00bb]<\/p>\n<p>Campeonato de Espa\u00f1a S-CER<\/p>\n<p>[\/et_pb_slide][\/et_pb_fullwidth_slider][\/et_pb_section][et_pb_section fb_built=\u00bb1&#8243; admin_label=\u00bbPromo Banner\u00bb _builder_version=\u00bb4.20.4&#8243; background_color=\u00bbrgba(124,218,36,0.63)\u00bb custom_padding=\u00bb0px|0px|0px|0px\u00bb global_colors_info=\u00bb{}\u00bb][et_pb_row column_structure=\u00bb3_5,2_5&#8243; _builder_version=\u00bb4.16&#8243; custom_padding=\u00bb||14px|||\u00bb global_colors_info=\u00bb{}\u00bb][et_pb_column type=\u00bb3_5&#8243; _builder_version=\u00bb4.16&#8243; custom_padding=\u00bb|||\u00bb global_colors_info=\u00bb{}\u00bb custom_padding__hover=\u00bb|||\u00bb][et_pb_text _builder_version=\u00bb4.20.4&#8243; text_font=\u00bb||||||||\u00bb text_font_size=\u00bb16px\u00bb link_font=\u00bb|600|||on||||\u00bb link_text_color=\u00bbrgba(12,12,12,0.59)\u00bb header_font=\u00bb||||||||\u00bb header_2_font=\u00bbAlice||||||||\u00bb header_2_line_height=\u00bb1.5em\u00bb text_orientation=\u00bbcenter\u00bb background_layout=\u00bbdark\u00bb global_colors_info=\u00bb{}\u00bb]<\/p>\n<h2><span style=\"color: #000000;\"><b>El equipo de la<\/b><\/span><\/h2>\n<h2><span style=\"color: #000000;\"><b> Federaci\u00f3n Andaluza de Automovilismo<\/b><\/span><\/h2>\n<p>[\/et_pb_text][\/et_pb_column][et_pb_column type=\u00bb2_5&#8243; _builder_version=\u00bb4.16&#8243; custom_padding=\u00bb|||\u00bb global_colors_info=\u00bb{}\u00bb custom_padding__hover=\u00bb|||\u00bb][et_pb_image src=\u00bbhttps:\/\/faa.net\/rtandalucia\/wp-content\/uploads\/2023\/04\/Logo-FAA-01.png\u00bb alt=\u00bbLogo Federaci\u00f3n Andaluz de Automovilismo\u00bb title_text=\u00bbLogo Federaci\u00f3n Andaluz de Automovilismo\u00bb _builder_version=\u00bb4.20.4&#8243; _module_preset=\u00bbdefault\u00bb width=\u00bb66%\u00bb global_colors_info=\u00bb{}\u00bb][\/et_pb_image][\/et_pb_column][\/et_pb_row][\/et_pb_section][et_pb_section fb_built=\u00bb1&#8243; _builder_version=\u00bb4.20.4&#8243; _module_preset=\u00bbdefault\u00bb global_colors_info=\u00bb{}\u00bb][et_pb_row column_structure=\u00bb2_5,3_5&#8243; _builder_version=\u00bb4.20.4&#8243; _module_preset=\u00bbdefault\u00bb global_colors_info=\u00bb{}\u00bb][et_pb_column type=\u00bb2_5&#8243; _builder_version=\u00bb4.20.4&#8243; _module_preset=\u00bbdefault\u00bb global_colors_info=\u00bb{}\u00bb][et_pb_image src=\u00bbhttps:\/\/faa.net\/rtandalucia\/wp-content\/uploads\/2023\/04\/Pedroalejandro-1.jpg\u00bb title_text=\u00bbPedro&#038;alejandro\u00bb _builder_version=\u00bb4.20.4&#8243; _module_preset=\u00bbdefault\u00bb global_colors_info=\u00bb{}\u00bb][\/et_pb_image][\/et_pb_column][et_pb_column type=\u00bb3_5&#8243; _builder_version=\u00bb4.20.4&#8243; _module_preset=\u00bbdefault\u00bb global_colors_info=\u00bb{}\u00bb][et_pb_text _builder_version=\u00bb4.20.4&#8243; _module_preset=\u00bbdefault\u00bb text_font_size=\u00bb19px\u00bb global_colors_info=\u00bb{}\u00bb]<\/p>\n<p style=\"text-align: justify;\">La pareja con la media m\u00e1s alta de edad, actuales campeones de Andaluc\u00eda de Rallyes, esta es una apuesta clara para posicionar el Rallye Team Andaluc\u00eda en la competici\u00f3n m\u00e1s importante de rallyes del panorama nacional.<\/p>\n<p style=\"text-align: justify;\">Su espectacular veh\u00edculo Hyundai i20 R5 lo hace altamente competitivo en su primera participaci\u00f3n en este campeonato, David P\u00e9rez es ya un piloto consagrado con participaciones desde el a\u00f1o 2002, mientras que Alejandro tiene desde sus inicios en el 2018 una fant\u00e1stica progresi\u00f3n en el mundo del copilotaje que a buen seguro ratificar\u00e1 a lo largo de los a\u00f1os.<\/p>\n<p>[\/et_pb_text][\/et_pb_column][\/et_pb_row][et_pb_row column_structure=\u00bb3_5,2_5&#8243; _builder_version=\u00bb4.20.4&#8243; _module_preset=\u00bbdefault\u00bb global_colors_info=\u00bb{}\u00bb][et_pb_column type=\u00bb3_5&#8243; _builder_version=\u00bb4.20.4&#8243; _module_preset=\u00bbdefault\u00bb global_colors_info=\u00bb{}\u00bb][et_pb_cta title=\u00bbS-CER\u00bb button_url=\u00bbhttps:\/\/scer.rfeda.es\/\u00bb button_text=\u00bbWeb del campeonato\u00bb _builder_version=\u00bb4.20.4&#8243; header_font=\u00bbAlice||||||||\u00bb header_font_size=\u00bb32px\u00bb header_line_height=\u00bb1.5em\u00bb body_font=\u00bb||||||||\u00bb body_font_size=\u00bb16px\u00bb body_line_height=\u00bb1.8em\u00bb use_background_color=\u00bboff\u00bb custom_button=\u00bbon\u00bb button_text_size=\u00bb15px\u00bb button_text_color=\u00bbrgba(0,0,0,0.7)\u00bb button_bg_color=\u00bb#4bad33&#8243; button_border_width=\u00bb12px\u00bb button_border_color=\u00bb#4bad33&#8243; button_border_radius=\u00bb100px\u00bb button_letter_spacing=\u00bb2px\u00bb button_font=\u00bb|700||on|||||\u00bb button_use_icon=\u00bboff\u00bb text_orientation=\u00bbleft\u00bb background_layout=\u00bblight\u00bb custom_margin=\u00bb||80px|80px\u00bb button_border_color_hover=\u00bb#e0c588&#8243; button_letter_spacing_hover=\u00bb2px\u00bb button_bg_color_hover=\u00bb#e0c588&#8243; global_colors_info=\u00bb{}\u00bb button_text_size__hover_enabled=\u00bboff\u00bb button_one_text_size__hover_enabled=\u00bboff\u00bb button_two_text_size__hover_enabled=\u00bboff\u00bb button_text_color__hover_enabled=\u00bboff\u00bb button_one_text_color__hover_enabled=\u00bboff\u00bb button_two_text_color__hover_enabled=\u00bboff\u00bb button_border_width__hover_enabled=\u00bboff\u00bb button_one_border_width__hover_enabled=\u00bboff\u00bb button_two_border_width__hover_enabled=\u00bboff\u00bb button_border_color__hover_enabled=\u00bbon\u00bb button_border_color__hover=\u00bb#FFFFFF\u00bb button_one_border_color__hover_enabled=\u00bboff\u00bb button_two_border_color__hover_enabled=\u00bboff\u00bb button_border_radius__hover_enabled=\u00bboff\u00bb button_one_border_radius__hover_enabled=\u00bboff\u00bb button_two_border_radius__hover_enabled=\u00bboff\u00bb button_letter_spacing__hover_enabled=\u00bbon\u00bb button_letter_spacing__hover=\u00bb2px\u00bb button_one_letter_spacing__hover_enabled=\u00bboff\u00bb button_two_letter_spacing__hover_enabled=\u00bboff\u00bb button_bg_color__hover_enabled=\u00bbon|desktop\u00bb button_bg_color__hover=\u00bb#FFFFFF\u00bb button_one_bg_color__hover_enabled=\u00bboff\u00bb button_two_bg_color__hover_enabled=\u00bboff\u00bb button_bg_enable_color__hover=\u00bbon\u00bb]<\/p>\n<p>Es el campeonato m\u00e1s importante de nuestro pa\u00eds, a\u00fana pruebas de asfalto y de tierra, nace a finales de 2018 y se puede confirmar como el escaparate del mundo del motor tanto dentro como fuera de nuestras fronteras.<\/p>\n<p>[\/et_pb_cta][\/et_pb_column][et_pb_column type=\u00bb2_5&#8243; _builder_version=\u00bb4.20.4&#8243; _module_preset=\u00bbdefault\u00bb global_colors_info=\u00bb{}\u00bb][et_pb_image src=\u00bbhttps:\/\/faa.net\/rtandalucia\/wp-content\/uploads\/2023\/04\/scer.jpg\u00bb alt=\u00bbcalendario s-cer\u00bb title_text=\u00bbcalendario s-cer\u00bb align_tablet=\u00bbcenter\u00bb align_phone=\u00bbcenter\u00bb align_last_edited=\u00bbon|desktop\u00bb _builder_version=\u00bb4.20.4&#8243; max_width=\u00bb90%\u00bb animation_style=\u00bbzoom\u00bb animation_direction=\u00bbleft\u00bb animation_intensity_zoom=\u00bb10%\u00bb locked=\u00bboff\u00bb global_colors_info=\u00bb{}\u00bb][\/et_pb_image][\/et_pb_column][\/et_pb_row][et_pb_row column_structure=\u00bb1_2,1_2&#8243; _builder_version=\u00bb4.20.4&#8243; _module_preset=\u00bbdefault\u00bb global_colors_info=\u00bb{}\u00bb][et_pb_column type=\u00bb1_2&#8243; _builder_version=\u00bb4.20.4&#8243; _module_preset=\u00bbdefault\u00bb global_colors_info=\u00bb{}\u00bb][et_pb_blurb title=\u00bbPedro David P\u00e9rez\u00bb image=\u00bbhttps:\/\/faa.net\/rtandalucia\/wp-content\/uploads\/2023\/04\/Pedro-David-Perez.jpg\u00bb image_icon_width=\u00bb42%\u00bb _builder_version=\u00bb4.20.4&#8243; _module_preset=\u00bbdefault\u00bb header_text_align=\u00bbcenter\u00bb hover_enabled=\u00bb0&#8243; global_colors_info=\u00bb{}\u00bb sticky_enabled=\u00bb0&#8243;]<\/p>\n<p style=\"text-align: center;\">Piloto<\/p>\n<p>[\/et_pb_blurb][et_pb_button button_url=\u00bbhttps:\/\/www.ewrc-results.com\/profile\/9743-pedro-david-perez-sanchez\/\u00bb button_text=\u00bbPalmar\u00e9s\u00bb button_alignment=\u00bbcenter\u00bb _builder_version=\u00bb4.20.4&#8243; _module_preset=\u00bbdefault\u00bb global_colors_info=\u00bb{}\u00bb][\/et_pb_button][\/et_pb_column][et_pb_column type=\u00bb1_2&#8243; _builder_version=\u00bb4.20.4&#8243; _module_preset=\u00bbdefault\u00bb global_colors_info=\u00bb{}\u00bb][et_pb_blurb title=\u00bbAlejandro L. Leseduarte\u00bb image=\u00bbhttps:\/\/faa.net\/rtandalucia\/wp-content\/uploads\/2023\/04\/Alejandro-Leseduarte.jpg\u00bb image_icon_width=\u00bb42%\u00bb _builder_version=\u00bb4.20.4&#8243; _module_preset=\u00bbdefault\u00bb header_text_align=\u00bbcenter\u00bb hover_enabled=\u00bb0&#8243; global_colors_info=\u00bb{}\u00bb sticky_enabled=\u00bb0&#8243;]<\/p>\n<p style=\"text-align: center;\">Copiloto<\/p>\n<p>[\/et_pb_blurb][et_pb_button button_url=\u00bbhttps:\/\/www.ewrc-results.com\/coprofile\/243222-alejandro-l-leseduarte-fernandez\/\u00bb button_text=\u00bbPalmar\u00e9s\u00bb button_alignment=\u00bbcenter\u00bb _builder_version=\u00bb4.20.4&#8243; _module_preset=\u00bbdefault\u00bb global_colors_info=\u00bb{}\u00bb][\/et_pb_button][\/et_pb_column][\/et_pb_row][\/et_pb_section][et_pb_section fb_built=\u00bb1&#8243; _builder_version=\u00bb4.20.4&#8243; _module_preset=\u00bbdefault\u00bb global_colors_info=\u00bb{}\u00bb][et_pb_row _builder_version=\u00bb4.20.4&#8243; _module_preset=\u00bbdefault\u00bb global_colors_info=\u00bb{}\u00bb][et_pb_column type=\u00bb4_4&#8243; _builder_version=\u00bb4.20.4&#8243; _module_preset=\u00bbdefault\u00bb global_colors_info=\u00bb{}\u00bb][et_pb_video src=\u00bbhttps:\/\/www.youtube.com\/watch?v=mmlo3LrAzck\u00bb _builder_version=\u00bb4.20.4&#8243; _module_preset=\u00bbdefault\u00bb global_colors_info=\u00bb{}\u00bb][\/et_pb_video][et_pb_gallery gallery_ids=\u00bb611,612,613,614,615,616&#8243; fullwidth=\u00bbon\u00bb _builder_version=\u00bb4.20.4&#8243; _module_preset=\u00bbdefault\u00bb animation_style=\u00bbslide\u00bb auto=\u00bbon\u00bb global_colors_info=\u00bb{}\u00bb][\/et_pb_gallery][\/et_pb_column][\/et_pb_row][\/et_pb_section][et_pb_section fb_built=\u00bb1&#8243; disabled_on=\u00bbon|on|off\u00bb admin_label=\u00bbSpecial Offer Section\u00bb _builder_version=\u00bb4.20.4&#8243; background_color=\u00bb#e7efef\u00bb use_background_color_gradient=\u00bbon\u00bb background_color_gradient_direction=\u00bb90deg\u00bb background_color_gradient_stops=\u00bbrgba(235,235,235,0) 0%|#ebebeb 70%\u00bb background_color_gradient_overlays_image=\u00bbon\u00bb background_color_gradient_start=\u00bbrgba(235,235,235,0)\u00bb background_color_gradient_end=\u00bb#ebebeb\u00bb background_color_gradient_end_position=\u00bb70%\u00bb background_image=\u00bbhttps:\/\/faa.net\/rtandalucia\/wp-content\/uploads\/2023\/04\/RPRESENTACION-RTA.jpg\u00bb custom_padding=\u00bb12%|0px|10%|0px\u00bb global_colors_info=\u00bb{}\u00bb][et_pb_row column_structure=\u00bb2_3,1_3&#8243; admin_label=\u00bbRow\u00bb _builder_version=\u00bb4.20.4&#8243; custom_margin=\u00bb|197px||auto||\u00bb custom_padding=\u00bb|||13px||\u00bb global_colors_info=\u00bb{}\u00bb][et_pb_column type=\u00bb2_3&#8243; _builder_version=\u00bb4.16&#8243; custom_padding=\u00bb|||\u00bb global_colors_info=\u00bb{}\u00bb custom_padding__hover=\u00bb|||\u00bb][\/et_pb_column][et_pb_column type=\u00bb1_3&#8243; _builder_version=\u00bb4.16&#8243; custom_padding=\u00bb|||\u00bb global_colors_info=\u00bb{}\u00bb custom_padding__hover=\u00bb|||\u00bb][et_pb_text _builder_version=\u00bb4.20.4&#8243; text_font=\u00bb|700|||||||\u00bb text_font_size=\u00bb16px\u00bb text_line_height=\u00bb1.8em\u00bb header_font=\u00bb||||||||\u00bb custom_margin=\u00bb||0px|\u00bb custom_padding=\u00bb|||\u00bb animation_style=\u00bbfold\u00bb animation_direction=\u00bbbottom\u00bb animation_starting_opacity=\u00bb100%\u00bb global_colors_info=\u00bb{}\u00bb]<\/p>\n<p><span style=\"color: #000000;\">IMPACTOS MEDI\u00c1TICOS<\/span><\/p>\n<p>[\/et_pb_text][et_pb_text _builder_version=\u00bb4.16&#8243; text_font=\u00bb|700|||||||\u00bb text_text_color=\u00bb#2a2a2a\u00bb text_font_size=\u00bb80px\u00bb text_line_height=\u00bb1.3em\u00bb custom_margin=\u00bb||0px|-96px||\u00bb custom_padding=\u00bb|||\u00bb animation_style=\u00bbfold\u00bb animation_direction=\u00bbbottom\u00bb animation_starting_opacity=\u00bb100%\u00bb global_colors_info=\u00bb{}\u00bb]<\/p>\n<p>1.000.000<\/p>\n<p>[\/et_pb_text][et_pb_text _builder_version=\u00bb4.16&#8243; text_font=\u00bb||||||||\u00bb text_font_size=\u00bb16px\u00bb text_line_height=\u00bb1.8em\u00bb custom_margin=\u00bb|||\u00bb custom_padding=\u00bb|||\u00bb animation_style=\u00bbslide\u00bb animation_direction=\u00bbleft\u00bb animation_intensity_slide=\u00bb5%\u00bb animation_starting_opacity=\u00bb100%\u00bb global_colors_info=\u00bb{}\u00bb]<\/p>\n<p>La suma de las visualizaciones de las dos \u00faltimas temporadas nos hacen creer que estamos creciendo a buen ritmo.<\/p>\n<p>[\/et_pb_text][et_pb_button button_text=\u00bbGaler\u00eda\u00bb _builder_version=\u00bb4.20.4&#8243; custom_button=\u00bbon\u00bb button_text_size=\u00bb15px\u00bb button_text_color=\u00bb#f7f3ee\u00bb button_bg_color=\u00bb#959d93&#8243; button_border_width=\u00bb0px\u00bb button_border_radius=\u00bb100px\u00bb button_letter_spacing=\u00bb2px\u00bb button_font=\u00bb|700||on|||||\u00bb button_use_icon=\u00bboff\u00bb custom_padding=\u00bb16px|30px|16px|30px\u00bb animation_style=\u00bbslide\u00bb animation_direction=\u00bbleft\u00bb animation_intensity_slide=\u00bb10%\u00bb animation_starting_opacity=\u00bb100%\u00bb button_letter_spacing_hover=\u00bb2px\u00bb button_bg_color_hover=\u00bb#e0c588&#8243; locked=\u00bboff\u00bb global_colors_info=\u00bb{}\u00bb button_text_size__hover_enabled=\u00bboff\u00bb button_one_text_size__hover_enabled=\u00bboff\u00bb button_two_text_size__hover_enabled=\u00bboff\u00bb button_text_color__hover_enabled=\u00bboff\u00bb button_one_text_color__hover_enabled=\u00bboff\u00bb button_two_text_color__hover_enabled=\u00bboff\u00bb button_border_width__hover_enabled=\u00bboff\u00bb button_one_border_width__hover_enabled=\u00bboff\u00bb button_two_border_width__hover_enabled=\u00bboff\u00bb button_border_color__hover_enabled=\u00bboff\u00bb button_one_border_color__hover_enabled=\u00bboff\u00bb button_two_border_color__hover_enabled=\u00bboff\u00bb button_border_radius__hover_enabled=\u00bboff\u00bb button_one_border_radius__hover_enabled=\u00bboff\u00bb button_two_border_radius__hover_enabled=\u00bboff\u00bb button_letter_spacing__hover_enabled=\u00bbon\u00bb button_letter_spacing__hover=\u00bb2px\u00bb button_one_letter_spacing__hover_enabled=\u00bboff\u00bb button_two_letter_spacing__hover_enabled=\u00bboff\u00bb button_bg_color__hover_enabled=\u00bbon\u00bb button_bg_color__hover=\u00bb#e0c588&#8243; button_one_bg_color__hover_enabled=\u00bboff\u00bb button_two_bg_color__hover_enabled=\u00bboff\u00bb][\/et_pb_button][\/et_pb_column][\/et_pb_row][\/et_pb_section][et_pb_section fb_built=\u00bb1&#8243; disabled_on=\u00bboff|off|on\u00bb admin_label=\u00bbSpecial Offer Section\u00bb _builder_version=\u00bb4.20.4&#8243; background_color=\u00bb#e7efef\u00bb use_background_color_gradient=\u00bbon\u00bb background_color_gradient_direction=\u00bb90deg\u00bb background_color_gradient_stops=\u00bbrgba(0,0,0,0.76) 0%|#ebebeb 70%\u00bb background_color_gradient_overlays_image=\u00bbon\u00bb background_color_gradient_start=\u00bbrgba(235,235,235,0)\u00bb background_color_gradient_end=\u00bb#ebebeb\u00bb background_color_gradient_end_position=\u00bb70%\u00bb background_image=\u00bbhttps:\/\/faa.net\/rtandalucia\/wp-content\/uploads\/2023\/04\/RPRESENTACION-RTA.jpg\u00bb custom_padding=\u00bb12%|0px|10%|0px\u00bb global_colors_info=\u00bb{}\u00bb][et_pb_row admin_label=\u00bbRow\u00bb _builder_version=\u00bb4.20.4&#8243; custom_margin=\u00bb32px|auto|32px|auto|true|false\u00bb custom_padding=\u00bb|||13px||\u00bb global_colors_info=\u00bb{}\u00bb][et_pb_column type=\u00bb4_4&#8243; _builder_version=\u00bb4.20.4&#8243; custom_padding=\u00bb|||\u00bb global_colors_info=\u00bb{}\u00bb custom_padding__hover=\u00bb|||\u00bb][et_pb_text _builder_version=\u00bb4.20.4&#8243; text_font=\u00bb|700|||||||\u00bb text_font_size=\u00bb16px\u00bb text_line_height=\u00bb1.8em\u00bb header_font=\u00bb||||||||\u00bb text_orientation=\u00bbcenter\u00bb custom_margin=\u00bb||0px|\u00bb custom_padding=\u00bb|||\u00bb animation_style=\u00bbfold\u00bb animation_direction=\u00bbbottom\u00bb animation_starting_opacity=\u00bb100%\u00bb text_text_shadow_style=\u00bbpreset5&#8243; text_text_shadow_blur_strength=\u00bb0.27em\u00bb text_text_shadow_color=\u00bb#000000&#8243; global_colors_info=\u00bb{}\u00bb]<\/p>\n<p style=\"text-align: center;\"><span style=\"color: #ffffff;\"><strong>IMPACTOS en REDES SOCIALES<\/strong><\/span><\/p>\n<p>[\/et_pb_text][et_pb_number_counter number=\u00bb1.000.000&#8243; percent_sign=\u00bboff\u00bb _builder_version=\u00bb4.20.4&#8243; _module_preset=\u00bbdefault\u00bb number_text_color=\u00bb#FFFFFF\u00bb number_font_size=\u00bb51px\u00bb custom_margin=\u00bb|||-16px||\u00bb number_text_shadow_style=\u00bbpreset5&#8243; text_shadow_style=\u00bbpreset2&#8243; text_shadow_color=\u00bb#FFFFFF\u00bb global_colors_info=\u00bb{}\u00bb][\/et_pb_number_counter][et_pb_text _builder_version=\u00bb4.20.4&#8243; text_font=\u00bb|700|||||||\u00bb text_font_size=\u00bb16px\u00bb text_line_height=\u00bb1.8em\u00bb header_font=\u00bb||||||||\u00bb text_orientation=\u00bbcenter\u00bb custom_margin=\u00bb||0px|-9px||\u00bb custom_padding=\u00bb||34px|||\u00bb animation_style=\u00bbfold\u00bb animation_direction=\u00bbbottom\u00bb animation_starting_opacity=\u00bb100%\u00bb text_text_shadow_style=\u00bbpreset5&#8243; text_text_shadow_blur_strength=\u00bb0.27em\u00bb text_text_shadow_color=\u00bb#000000&#8243; global_colors_info=\u00bb{}\u00bb]<\/p>\n<p style=\"text-align: center;\"><span style=\"color: #ffffff;\">\u00a0Esta es la suma de las dos \u00faltimas temporadas, buscamos cada d\u00eda estar m\u00e1s presentes en Redes y Medios.<\/span><\/p>\n<p>[\/et_pb_text][et_pb_button button_text=\u00bbGaler\u00eda\u00bb button_alignment=\u00bbcenter\u00bb _builder_version=\u00bb4.20.4&#8243; custom_button=\u00bbon\u00bb button_text_size=\u00bb15px\u00bb button_text_color=\u00bb#000000&#8243; button_bg_color=\u00bb#4bad33&#8243; button_border_width=\u00bb0px\u00bb button_border_radius=\u00bb100px\u00bb button_letter_spacing=\u00bb2px\u00bb button_font=\u00bb|700||on|||||\u00bb button_use_icon=\u00bboff\u00bb custom_padding=\u00bb8px|30px|16px|30px||\u00bb animation_style=\u00bbslide\u00bb animation_direction=\u00bbleft\u00bb animation_intensity_slide=\u00bb10%\u00bb animation_starting_opacity=\u00bb100%\u00bb button_letter_spacing_hover=\u00bb2px\u00bb button_bg_color_hover=\u00bb#e0c588&#8243; locked=\u00bboff\u00bb global_colors_info=\u00bb{}\u00bb button_text_size__hover_enabled=\u00bboff\u00bb button_one_text_size__hover_enabled=\u00bboff\u00bb button_two_text_size__hover_enabled=\u00bboff\u00bb button_text_color__hover_enabled=\u00bboff\u00bb button_one_text_color__hover_enabled=\u00bboff\u00bb button_two_text_color__hover_enabled=\u00bboff\u00bb button_border_width__hover_enabled=\u00bboff\u00bb button_one_border_width__hover_enabled=\u00bboff\u00bb button_two_border_width__hover_enabled=\u00bboff\u00bb button_border_color__hover_enabled=\u00bboff\u00bb button_one_border_color__hover_enabled=\u00bboff\u00bb button_two_border_color__hover_enabled=\u00bboff\u00bb button_border_radius__hover_enabled=\u00bboff\u00bb button_one_border_radius__hover_enabled=\u00bboff\u00bb button_two_border_radius__hover_enabled=\u00bboff\u00bb button_letter_spacing__hover_enabled=\u00bbon\u00bb button_letter_spacing__hover=\u00bb2px\u00bb button_one_letter_spacing__hover_enabled=\u00bboff\u00bb button_two_letter_spacing__hover_enabled=\u00bboff\u00bb button_bg_color__hover_enabled=\u00bbon|hover\u00bb button_bg_color__hover=\u00bb#FFFFFF\u00bb button_one_bg_color__hover_enabled=\u00bboff\u00bb button_two_bg_color__hover_enabled=\u00bboff\u00bb button_bg_enable_color__hover=\u00bbon\u00bb][\/et_pb_button][\/et_pb_column][\/et_pb_row][\/et_pb_section][et_pb_section fb_built=\u00bb1&#8243; admin_label=\u00bbCustom Bouquets Section\u00bb _builder_version=\u00bb4.20.4&#8243; background_color=\u00bb#4bad33&#8243; custom_padding=\u00bb4px||0px|||\u00bb global_colors_info=\u00bb{}\u00bb][et_pb_row _builder_version=\u00bb4.20.4&#8243; _module_preset=\u00bbdefault\u00bb global_colors_info=\u00bb{}\u00bb][et_pb_column type=\u00bb4_4&#8243; _builder_version=\u00bb4.20.4&#8243; _module_preset=\u00bbdefault\u00bb global_colors_info=\u00bb{}\u00bb][et_pb_testimonial author=\u00bbHenry Ford\u00bb portrait_url=\u00bbhttps:\/\/faa.net\/rtandalucia\/wp-content\/uploads\/2023\/04\/1280px-FordLotusCortinaMk1.jpg\u00bb quote_icon=\u00bboff\u00bb quote_icon_color=\u00bb#FFFFFF\u00bb quote_icon_background_color=\u00bb#FFFFFF\u00bb portrait_width=\u00bb128px\u00bb portrait_height=\u00bb102px\u00bb _builder_version=\u00bb4.20.4&#8243; body_font=\u00bb||||||||\u00bb body_text_color=\u00bb#FFFFFF\u00bb body_font_size=\u00bb31px\u00bb author_font=\u00bb|300|||||||\u00bb author_text_color=\u00bb#FFFFFF\u00bb author_font_size=\u00bb29px\u00bb use_background_color=\u00bboff\u00bb text_orientation=\u00bbcenter\u00bb max_width=\u00bb700px\u00bb module_alignment=\u00bbcenter\u00bb custom_margin=\u00bb|106px||||\u00bb custom_padding=\u00bb|0px||||\u00bb animation_style=\u00bbfade\u00bb global_colors_info=\u00bb{}\u00bb]<\/p>\n<p>\u00abReunirse es un comienzo, permanecer juntos es el progreso\u00a0y trabajar juntos es el \u00e9xito\u00bb<\/p>\n<p>[\/et_pb_testimonial][\/et_pb_column][\/et_pb_row][\/et_pb_section][et_pb_section fb_built=\u00bb1&#8243; admin_label=\u00bbTestimonial Section\u00bb _builder_version=\u00bb4.16&#8243; background_color=\u00bb#f7f7f7&#8243; custom_padding=\u00bb44px||110px|||\u00bb global_colors_info=\u00bb{}\u00bb][et_pb_row _builder_version=\u00bb4.20.4&#8243; _module_preset=\u00bbdefault\u00bb global_colors_info=\u00bb{}\u00bb][et_pb_column type=\u00bb4_4&#8243; _builder_version=\u00bb4.20.4&#8243; _module_preset=\u00bbdefault\u00bb global_colors_info=\u00bb{}\u00bb][et_pb_portfolio fullwidth=\u00bboff\u00bb include_categories=\u00bb39&#8243; show_categories=\u00bboff\u00bb _builder_version=\u00bb4.20.4&#8243; _module_preset=\u00bbdefault\u00bb global_colors_info=\u00bb{}\u00bb][\/et_pb_portfolio][\/et_pb_column][\/et_pb_row][\/et_pb_section][et_pb_section fb_built=\u00bb1&#8243; admin_label=\u00bbTestimonial Section\u00bb _builder_version=\u00bb4.16&#8243; background_color=\u00bb#f7f7f7&#8243; custom_padding=\u00bb4px||110px|||\u00bb global_colors_info=\u00bb{}\u00bb][et_pb_row _builder_version=\u00bb4.20.4&#8243; _module_preset=\u00bbdefault\u00bb global_colors_info=\u00bb{}\u00bb][et_pb_column type=\u00bb4_4&#8243; _builder_version=\u00bb4.20.4&#8243; _module_preset=\u00bbdefault\u00bb global_colors_info=\u00bb{}\u00bb][et_pb_text _builder_version=\u00bb4.20.4&#8243; _module_preset=\u00bbdefault\u00bb text_text_color=\u00bb#000000&#8243; header_3_font_size=\u00bb33px\u00bb global_colors_info=\u00bb{}\u00bb]<\/p>\n<h3>PATROCINADORES DEL #RTAndaluc\u00eda<\/h3>\n<p>[\/et_pb_text][\/et_pb_column][\/et_pb_row][et_pb_row column_structure=\u00bb1_5,1_5,1_5,1_5,1_5&#8243; _builder_version=\u00bb4.20.4&#8243; _module_preset=\u00bbdefault\u00bb custom_padding=\u00bb22px|||||\u00bb global_colors_info=\u00bb{}\u00bb][et_pb_column type=\u00bb1_5&#8243; _builder_version=\u00bb4.20.4&#8243; _module_preset=\u00bbdefault\u00bb global_colors_info=\u00bb{}\u00bb][et_pb_image src=\u00bbhttps:\/\/faa.net\/rtandalucia\/wp-content\/uploads\/2023\/04\/patrocinadores-01.png\u00bb title_text=\u00bbpatrocinadores-01&#8243; align=\u00bbcenter\u00bb _builder_version=\u00bb4.20.4&#8243; _module_preset=\u00bbdefault\u00bb width=\u00bb70%\u00bb global_colors_info=\u00bb{}\u00bb][\/et_pb_image][\/et_pb_column][et_pb_column type=\u00bb1_5&#8243; _builder_version=\u00bb4.20.4&#8243; _module_preset=\u00bbdefault\u00bb global_colors_info=\u00bb{}\u00bb][et_pb_image src=\u00bbhttps:\/\/faa.net\/rtandalucia\/wp-content\/uploads\/2023\/04\/patrocinadores-02.png\u00bb title_text=\u00bbpatrocinadores-02&#8243; align=\u00bbcenter\u00bb _builder_version=\u00bb4.20.4&#8243; _module_preset=\u00bbdefault\u00bb width=\u00bb73%\u00bb global_colors_info=\u00bb{}\u00bb][\/et_pb_image][\/et_pb_column][et_pb_column type=\u00bb1_5&#8243; _builder_version=\u00bb4.20.4&#8243; _module_preset=\u00bbdefault\u00bb global_colors_info=\u00bb{}\u00bb][et_pb_image src=\u00bbhttps:\/\/faa.net\/rtandalucia\/wp-content\/uploads\/2023\/04\/patrocinadores-04.png\u00bb title_text=\u00bbpatrocinadores-04&#8243; align=\u00bbcenter\u00bb _builder_version=\u00bb4.20.4&#8243; _module_preset=\u00bbdefault\u00bb width=\u00bb75%\u00bb global_colors_info=\u00bb{}\u00bb][\/et_pb_image][\/et_pb_column][et_pb_column type=\u00bb1_5&#8243; _builder_version=\u00bb4.20.4&#8243; _module_preset=\u00bbdefault\u00bb global_colors_info=\u00bb{}\u00bb][et_pb_image src=\u00bbhttps:\/\/faa.net\/rtandalucia\/wp-content\/uploads\/2023\/04\/patrocinadores-03.png\u00bb title_text=\u00bbpatrocinadores-03&#8243; align=\u00bbcenter\u00bb _builder_version=\u00bb4.20.4&#8243; _module_preset=\u00bbdefault\u00bb width=\u00bb100%\u00bb global_colors_info=\u00bb{}\u00bb][\/et_pb_image][\/et_pb_column][et_pb_column type=\u00bb1_5&#8243; _builder_version=\u00bb4.20.4&#8243; _module_preset=\u00bbdefault\u00bb global_colors_info=\u00bb{}\u00bb][et_pb_image src=\u00bbhttps:\/\/faa.net\/rtandalucia\/wp-content\/uploads\/2023\/04\/patrocinadores-05.png\u00bb title_text=\u00bbpatrocinadores-05&#8243; align=\u00bbcenter\u00bb _builder_version=\u00bb4.20.4&#8243; _module_preset=\u00bbdefault\u00bb width=\u00bb100%\u00bb module_alignment=\u00bbcenter\u00bb global_colors_info=\u00bb{}\u00bb][\/et_pb_image][\/et_pb_column][\/et_pb_row][\/et_pb_section]<\/p>\n","protected":false},"excerpt":{"rendered":"<p>Campeonato de Espa\u00f1a S-CEREl equipo de la Federaci\u00f3n Andaluza de AutomovilismoLa pareja con la media m\u00e1s alta de edad, actuales campeones de Andaluc\u00eda de Rallyes, esta es una apuesta clara para posicionar el Rallye Team Andaluc\u00eda en la competici\u00f3n m\u00e1s importante de rallyes del panorama nacional. Su espectacular veh\u00edculo Hyundai i20 R5 lo hace altamente [&hellip;]<\/p>\n","protected":false},"author":1,"featured_media":553,"comment_status":"closed","ping_status":"closed","template":"","meta":{"_et_pb_use_builder":"on","_et_pb_old_content":"","_et_gb_content_width":"","footnotes":""},"project_category":[39,31],"project_tag":[38,33,36,32,37,34],"class_list":["post-609","project","type-project","status-publish","has-post-thumbnail","hentry","project_category-david-alejandro","project_category-equipo","project_tag-campeoanto-de-espana","project_tag-cert","project_tag-federacion-andaluza-automovilismo","project_tag-rally","project_tag-rally-team-andalucia","project_tag-s-cer"],"yoast_head":"<!-- This site is optimized with the Yoast SEO plugin v27.5 - https:\/\/yoast.com\/product\/yoast-seo-wordpress\/ -->\n<title>David P\u00e9rez y Alejandro L. Leseduarte - Rallye Team Andalucia<\/title>\n<meta name=\"robots\" content=\"index, follow, max-snippet:-1, max-image-preview:large, max-video-preview:-1\" \/>\n<link rel=\"canonical\" href=\"https:\/\/faa.net\/rtandalucia\/project\/david-perez-y-alejandro-l-leseduarte\/\" \/>\n<meta property=\"og:locale\" content=\"es_ES\" \/>\n<meta property=\"og:type\" content=\"article\" \/>\n<meta property=\"og:title\" content=\"David P\u00e9rez y Alejandro L. Leseduarte - Rallye Team Andalucia\" \/>\n<meta property=\"og:description\" content=\"Campeonato de Espa\u00f1a S-CEREl equipo de la Federaci\u00f3n Andaluza de AutomovilismoLa pareja con la media m\u00e1s alta de edad, actuales campeones de Andaluc\u00eda de Rallyes, esta es una apuesta clara para posicionar el Rallye Team Andaluc\u00eda en la competici\u00f3n m\u00e1s importante de rallyes del panorama nacional. Su espectacular veh\u00edculo Hyundai i20 R5 lo hace altamente [&hellip;]\" \/>\n<meta property=\"og:url\" content=\"https:\/\/faa.net\/rtandalucia\/project\/david-perez-y-alejandro-l-leseduarte\/\" \/>\n<meta property=\"og:site_name\" content=\"Rallye Team Andalucia\" \/>\n<meta property=\"article:modified_time\" content=\"2023-04-07T21:27:33+00:00\" \/>\n<meta property=\"og:image\" content=\"https:\/\/faa.net\/rtandalucia\/wp-content\/uploads\/2023\/04\/Pedroalejandro.jpg\" \/>\n\t<meta property=\"og:image:width\" content=\"800\" \/>\n\t<meta property=\"og:image:height\" content=\"1066\" \/>\n\t<meta property=\"og:image:type\" content=\"image\/jpeg\" \/>\n<meta name=\"twitter:card\" content=\"summary_large_image\" \/>\n<meta name=\"twitter:label1\" content=\"Tiempo de lectura\" \/>\n\t<meta name=\"twitter:data1\" content=\"5 minutos\" \/>\n<script type=\"application\/ld+json\" class=\"yoast-schema-graph\">{\"@context\":\"https:\\\/\\\/schema.org\",\"@graph\":[{\"@type\":\"WebPage\",\"@id\":\"https:\\\/\\\/faa.net\\\/rtandalucia\\\/project\\\/david-perez-y-alejandro-l-leseduarte\\\/\",\"url\":\"https:\\\/\\\/faa.net\\\/rtandalucia\\\/project\\\/david-perez-y-alejandro-l-leseduarte\\\/\",\"name\":\"David P\u00e9rez y Alejandro L. Leseduarte - Rallye Team Andalucia\",\"isPartOf\":{\"@id\":\"https:\\\/\\\/faa.net\\\/rtandalucia\\\/#website\"},\"primaryImageOfPage\":{\"@id\":\"https:\\\/\\\/faa.net\\\/rtandalucia\\\/project\\\/david-perez-y-alejandro-l-leseduarte\\\/#primaryimage\"},\"image\":{\"@id\":\"https:\\\/\\\/faa.net\\\/rtandalucia\\\/project\\\/david-perez-y-alejandro-l-leseduarte\\\/#primaryimage\"},\"thumbnailUrl\":\"https:\\\/\\\/faa.net\\\/rtandalucia\\\/wp-content\\\/uploads\\\/2023\\\/04\\\/Pedroalejandro.jpg\",\"datePublished\":\"2023-04-07T18:39:40+00:00\",\"dateModified\":\"2023-04-07T21:27:33+00:00\",\"breadcrumb\":{\"@id\":\"https:\\\/\\\/faa.net\\\/rtandalucia\\\/project\\\/david-perez-y-alejandro-l-leseduarte\\\/#breadcrumb\"},\"inLanguage\":\"es\",\"potentialAction\":[{\"@type\":\"ReadAction\",\"target\":[\"https:\\\/\\\/faa.net\\\/rtandalucia\\\/project\\\/david-perez-y-alejandro-l-leseduarte\\\/\"]}]},{\"@type\":\"ImageObject\",\"inLanguage\":\"es\",\"@id\":\"https:\\\/\\\/faa.net\\\/rtandalucia\\\/project\\\/david-perez-y-alejandro-l-leseduarte\\\/#primaryimage\",\"url\":\"https:\\\/\\\/faa.net\\\/rtandalucia\\\/wp-content\\\/uploads\\\/2023\\\/04\\\/Pedroalejandro.jpg\",\"contentUrl\":\"https:\\\/\\\/faa.net\\\/rtandalucia\\\/wp-content\\\/uploads\\\/2023\\\/04\\\/Pedroalejandro.jpg\",\"width\":800,\"height\":1066},{\"@type\":\"BreadcrumbList\",\"@id\":\"https:\\\/\\\/faa.net\\\/rtandalucia\\\/project\\\/david-perez-y-alejandro-l-leseduarte\\\/#breadcrumb\",\"itemListElement\":[{\"@type\":\"ListItem\",\"position\":1,\"name\":\"Portada\",\"item\":\"https:\\\/\\\/faa.net\\\/rtandalucia\\\/\"},{\"@type\":\"ListItem\",\"position\":2,\"name\":\"Proyectos\",\"item\":\"https:\\\/\\\/faa.net\\\/rtandalucia\\\/project\\\/\"},{\"@type\":\"ListItem\",\"position\":3,\"name\":\"David P\u00e9rez y Alejandro L. Leseduarte\"}]},{\"@type\":\"WebSite\",\"@id\":\"https:\\\/\\\/faa.net\\\/rtandalucia\\\/#website\",\"url\":\"https:\\\/\\\/faa.net\\\/rtandalucia\\\/\",\"name\":\"Rallye Team Andalucia\",\"description\":\"- Un proyecto de la Federaci\u00f3n Andaluza de Automovilismo\",\"potentialAction\":[{\"@type\":\"SearchAction\",\"target\":{\"@type\":\"EntryPoint\",\"urlTemplate\":\"https:\\\/\\\/faa.net\\\/rtandalucia\\\/?s={search_term_string}\"},\"query-input\":{\"@type\":\"PropertyValueSpecification\",\"valueRequired\":true,\"valueName\":\"search_term_string\"}}],\"inLanguage\":\"es\"}]}<\/script>\n<!-- \/ Yoast SEO plugin. -->","yoast_head_json":{"title":"David P\u00e9rez y Alejandro L. Leseduarte - Rallye Team Andalucia","robots":{"index":"index","follow":"follow","max-snippet":"max-snippet:-1","max-image-preview":"max-image-preview:large","max-video-preview":"max-video-preview:-1"},"canonical":"https:\/\/faa.net\/rtandalucia\/project\/david-perez-y-alejandro-l-leseduarte\/","og_locale":"es_ES","og_type":"article","og_title":"David P\u00e9rez y Alejandro L. Leseduarte - Rallye Team Andalucia","og_description":"Campeonato de Espa\u00f1a S-CEREl equipo de la Federaci\u00f3n Andaluza de AutomovilismoLa pareja con la media m\u00e1s alta de edad, actuales campeones de Andaluc\u00eda de Rallyes, esta es una apuesta clara para posicionar el Rallye Team Andaluc\u00eda en la competici\u00f3n m\u00e1s importante de rallyes del panorama nacional. Su espectacular veh\u00edculo Hyundai i20 R5 lo hace altamente [&hellip;]","og_url":"https:\/\/faa.net\/rtandalucia\/project\/david-perez-y-alejandro-l-leseduarte\/","og_site_name":"Rallye Team Andalucia","article_modified_time":"2023-04-07T21:27:33+00:00","og_image":[{"width":800,"height":1066,"url":"https:\/\/faa.net\/rtandalucia\/wp-content\/uploads\/2023\/04\/Pedroalejandro.jpg","type":"image\/jpeg"}],"twitter_card":"summary_large_image","twitter_misc":{"Tiempo de lectura":"5 minutos"},"schema":{"@context":"https:\/\/schema.org","@graph":[{"@type":"WebPage","@id":"https:\/\/faa.net\/rtandalucia\/project\/david-perez-y-alejandro-l-leseduarte\/","url":"https:\/\/faa.net\/rtandalucia\/project\/david-perez-y-alejandro-l-leseduarte\/","name":"David P\u00e9rez y Alejandro L. Leseduarte - Rallye Team Andalucia","isPartOf":{"@id":"https:\/\/faa.net\/rtandalucia\/#website"},"primaryImageOfPage":{"@id":"https:\/\/faa.net\/rtandalucia\/project\/david-perez-y-alejandro-l-leseduarte\/#primaryimage"},"image":{"@id":"https:\/\/faa.net\/rtandalucia\/project\/david-perez-y-alejandro-l-leseduarte\/#primaryimage"},"thumbnailUrl":"https:\/\/faa.net\/rtandalucia\/wp-content\/uploads\/2023\/04\/Pedroalejandro.jpg","datePublished":"2023-04-07T18:39:40+00:00","dateModified":"2023-04-07T21:27:33+00:00","breadcrumb":{"@id":"https:\/\/faa.net\/rtandalucia\/project\/david-perez-y-alejandro-l-leseduarte\/#breadcrumb"},"inLanguage":"es","potentialAction":[{"@type":"ReadAction","target":["https:\/\/faa.net\/rtandalucia\/project\/david-perez-y-alejandro-l-leseduarte\/"]}]},{"@type":"ImageObject","inLanguage":"es","@id":"https:\/\/faa.net\/rtandalucia\/project\/david-perez-y-alejandro-l-leseduarte\/#primaryimage","url":"https:\/\/faa.net\/rtandalucia\/wp-content\/uploads\/2023\/04\/Pedroalejandro.jpg","contentUrl":"https:\/\/faa.net\/rtandalucia\/wp-content\/uploads\/2023\/04\/Pedroalejandro.jpg","width":800,"height":1066},{"@type":"BreadcrumbList","@id":"https:\/\/faa.net\/rtandalucia\/project\/david-perez-y-alejandro-l-leseduarte\/#breadcrumb","itemListElement":[{"@type":"ListItem","position":1,"name":"Portada","item":"https:\/\/faa.net\/rtandalucia\/"},{"@type":"ListItem","position":2,"name":"Proyectos","item":"https:\/\/faa.net\/rtandalucia\/project\/"},{"@type":"ListItem","position":3,"name":"David P\u00e9rez y Alejandro L. Leseduarte"}]},{"@type":"WebSite","@id":"https:\/\/faa.net\/rtandalucia\/#website","url":"https:\/\/faa.net\/rtandalucia\/","name":"Rallye Team Andalucia","description":"- Un proyecto de la Federaci\u00f3n Andaluza de Automovilismo","potentialAction":[{"@type":"SearchAction","target":{"@type":"EntryPoint","urlTemplate":"https:\/\/faa.net\/rtandalucia\/?s={search_term_string}"},"query-input":{"@type":"PropertyValueSpecification","valueRequired":true,"valueName":"search_term_string"}}],"inLanguage":"es"}]}},"_links":{"self":[{"href":"https:\/\/faa.net\/rtandalucia\/wp-json\/wp\/v2\/project\/609","targetHints":{"allow":["GET"]}}],"collection":[{"href":"https:\/\/faa.net\/rtandalucia\/wp-json\/wp\/v2\/project"}],"about":[{"href":"https:\/\/faa.net\/rtandalucia\/wp-json\/wp\/v2\/types\/project"}],"author":[{"embeddable":true,"href":"https:\/\/faa.net\/rtandalucia\/wp-json\/wp\/v2\/users\/1"}],"replies":[{"embeddable":true,"href":"https:\/\/faa.net\/rtandalucia\/wp-json\/wp\/v2\/comments?post=609"}],"version-history":[{"count":9,"href":"https:\/\/faa.net\/rtandalucia\/wp-json\/wp\/v2\/project\/609\/revisions"}],"predecessor-version":[{"id":704,"href":"https:\/\/faa.net\/rtandalucia\/wp-json\/wp\/v2\/project\/609\/revisions\/704"}],"wp:featuredmedia":[{"embeddable":true,"href":"https:\/\/faa.net\/rtandalucia\/wp-json\/wp\/v2\/media\/553"}],"wp:attachment":[{"href":"https:\/\/faa.net\/rtandalucia\/wp-json\/wp\/v2\/media?parent=609"}],"wp:term":[{"taxonomy":"project_category","embeddable":true,"href":"https:\/\/faa.net\/rtandalucia\/wp-json\/wp\/v2\/project_category?post=609"},{"taxonomy":"project_tag","embeddable":true,"href":"https:\/\/faa.net\/rtandalucia\/wp-json\/wp\/v2\/project_tag?post=609"}],"curies":[{"name":"wp","href":"https:\/\/api.w.org\/{rel}","templated":true}]}}